{"id":874,"date":"2025-05-22T12:18:09","date_gmt":"2025-05-22T10:18:09","guid":{"rendered":"https:\/\/retoglobal.eu\/?page_id=874"},"modified":"2025-05-24T17:58:13","modified_gmt":"2025-05-24T15:58:13","slug":"sabias-que-la-temperatura-del-aire-al-sol-y-a-la-sombra-no-suele-ser-tan-diferente-en-terreno-abierto","status":"publish","type":"page","link":"https:\/\/retoglobal.eu\/index.php\/sabias-que\/sabias-que-la-temperatura-del-aire-al-sol-y-a-la-sombra-no-suele-ser-tan-diferente-en-terreno-abierto\/","title":{"rendered":"\u00bfSab\u00edas que&#8230;. la temperatura del aire al sol y a la sombra es pr\u00e1cticamente la misma?"},"content":{"rendered":"\n<h2 class=\"wp-block-heading has-text-align-center\">Por todos es sabido que al sol hace m\u00e1s calor que a la sombra (o a la sombra m\u00e1s fr\u00edo que al sol), nuestro cuerpo experimenta claramente esa diferencia y adem\u00e1s los medios de comunicaci\u00f3n siguen diciendo lo de <strong>\u201ctemperatura a la sombra\u201d.<\/strong> Aunque parezca contrario a nuestra intuici\u00f3n,\u00a0<strong>la temperatura del aire al sol y a la sombra es la misma<\/strong> <strong>o casi<\/strong>.<\/h2>\n\n\n\n<h4 class=\"wp-block-heading\">\u00bfQu\u00e9 temperatura hace al sol y a la sombra?<\/h4>\n\n\n\n<p>La respuesta es algo m\u00e1s compleja de lo que se podr\u00eda pensar, primero habr\u00eda que hablar de a que temperatura nos referimos, <strong>si a la del aire, a la del suelo o a la que llegamos las personas, la de nuestra superficie corporal.<\/strong><\/p>\n\n\n\n<p>Es evidente que <strong>la temperatura del suelo al sol y a la sombra es diferente<\/strong>. Tambi\u00e9n el calentamiento del suelo en extensas \u00e1reas soleadas incrementa la temperatura de las burbujas de aire cercanas al terreno. Dichas burbujas recalentadas se elevan por su mayor temperatura, tambi\u00e9n pueden elevar algo m\u00e1s&nbsp;la temperatura del aire en las cercan\u00edas del suelo. Cuando estamos cerca del terreno o de edificios recalentados por el sol, nos llega radiaci\u00f3n infrarroja que contribuye al incremento de nuestra sensaci\u00f3n t\u00e9rmica y en d\u00edas de viento en calma a\u00fan m\u00e1s.<\/p>\n\n\n\n<p>La principal causa del calor que se siente, cuando se est\u00e1 al sol, es la incidencia de su radiaci\u00f3n directa sobre nuestro organismo, que eleva la temperatura de la superficie corporal. Es por ello que al sol la sensaci\u00f3n de calor es mucho mayor, pero <strong>la temperatura del aire al sol y a la sombra no suele ser tan diferente en terreno abierto<\/strong>, ya que, aparte del efecto de las burbujas, el aire es bastante transparente a la radiaci\u00f3n solar y adem\u00e1s, aunque el aire absorbe parte de la radiaci\u00f3n infrarroja emitida por el terreno, este efecto se produce de forma continua y a lo largo de todo el espesor de la atm\u00f3sfera.<\/p>\n\n\n\n<p>Cuando se produce una marcada diferencia de temperatura entre dos masas de aire contiguas a la misma altitud y diferente temperatura, se activan movimientos atmosf\u00e9ricos que tienden a homogeneizar sus temperaturas, salvo que haya alg\u00fan tipo de forzamiento que impida que se mezclen. Ejemplo salida del fr\u00edo de los aires acondicionados al exterior.<\/p>\n\n\n\n<p>Localmente, la radiaci\u00f3n infrarroja no produce una subida apreciable de la temperatura en un \u00e1rea peque\u00f1a confinada en los primeros metros del suelo donde medimos la temperatura.<\/p>\n\n\n\n<p>Por esto cuando cu\u00e1ndo se mide la temperatura en meteorolog\u00eda se intenta hacer una aproximaci\u00f3n lo mejor posible a la temperatura media del aire en un periodo representativo. <strong>Si se pone un term\u00f3metro al sol, la temperatura medida depender\u00eda del equilibrio t\u00e9rmico <a href=\"https:\/\/www.eltiempo.es\/noticias\/forzamiento-radiativo\">radiativo<\/a> entre el sensor del term\u00f3metro y la radiaci\u00f3n solar.<\/strong> Este dato depender\u00eda l\u00f3gicamente del tipo de sensor empleado y no ser\u00eda un dato f\u00e1cil de interpretar ni se corresponder\u00eda con una magnitud f\u00edsica de inter\u00e9s. Por ello, es importante recordar que al hablar de la temperatura del aire no es adecuado hablar de su medici\u00f3n al sol y a la sombra, sino matizar los motivos por lo que nuestra sensaci\u00f3n de calor var\u00eda al sol y a la sombra.<\/p>\n\n\n\n<p>La medici\u00f3n de temperatura del aire cerca de la superficie es compleja, empezando por la propia definici\u00f3n de temperatura que no es un concepto tan evidente. Partiendo de las recomendaciones de la <strong><a href=\"https:\/\/wmo.int\/es\">Organizaci\u00f3n Meteorol\u00f3gica Mundial<\/a><\/strong>, vamos a hacer un repaso de las condiciones que debe tener en meteorolog\u00eda, <strong>una estaci\u00f3n enfocada a la observaci\u00f3n de temperatura.<\/strong><\/p>\n\n\n\n<p><strong><a href=\"https:\/\/www.wordreference.com\/definicion\/temperatura\">La temperatura<\/a><\/strong> de un cuerpo se relaciona con su energ\u00eda interna, la OMM (WMO, 1992), define la temperatura como \u00ab<strong>la magnitud f\u00edsica que caracteriza el movimiento aleatorio medio de las mol\u00e9culas en un cuerpo f\u00edsico<\/strong>\u00ab. Cuando dos cuerpos est\u00e1n a distinta temperatura y se ponen en contacto t\u00e9rmico, se produce un intercambio de calor entre ellos que va dirigido del m\u00e1s c\u00e1lido al m\u00e1s fr\u00edo.&nbsp; Para dar un valor cuantitativo a las temperaturas se definen escalas de temperatura, en Espa\u00f1a la escala de temperatura <strong>Celsius<\/strong> es la m\u00e1s ampliamente conocida por la poblaci\u00f3n.<\/p>\n\n\n<div class=\"wp-block-image\">\n<figure class=\"aligncenter size-full\"><img loading=\"lazy\" decoding=\"async\" width=\"445\" height=\"377\" src=\"https:\/\/retoglobal.eu\/wp-content\/uploads\/2025\/05\/Temperatura.png\" alt=\"\" class=\"wp-image-869\" srcset=\"https:\/\/retoglobal.eu\/wp-content\/uploads\/2025\/05\/Temperatura.png 445w, https:\/\/retoglobal.eu\/wp-content\/uploads\/2025\/05\/Temperatura-300x254.png 300w, https:\/\/retoglobal.eu\/wp-content\/uploads\/2025\/05\/Temperatura-354x300.png 354w\" sizes=\"auto, (max-width: 445px) 100vw, 445px\" \/><\/figure>\n<\/div>\n\n\n<p>En la <a href=\"https:\/\/library.wmo.int\/viewer\/68714\/?offset=#page=1&amp;viewer=picture&amp;o=bookmark&amp;n=0&amp;q=\">Gu\u00eda de instrumentos y m\u00e9todos de medici\u00f3n de la OMM<\/a>, encontramos que el <strong>term\u00f3metro<\/strong> es un aparato dise\u00f1ado para que su sensor alcance el equilibrio t\u00e9rmico con el medio que lo rodea y, mediante diversos algoritmos basados en propiedades f\u00edsicas relacionadas con la temperatura, como la dilataci\u00f3n de los materiales o en el cambio de sus propiedades el\u00e9ctricas, se puede asignar un valor a la medici\u00f3n. Tambi\u00e9n hay term\u00f3metros que no necesitan tener contacto con el cuerpo, como los que basan su c\u00e1lculo en la medici\u00f3n de la radiaci\u00f3n emitida por el mismo.<\/p>\n\n\n\n<p>Del primer tipo son, por ejemplo, los que se encuentran habitualmente en muchas casas para medir las temperaturas y, del segundo, los que se emplean para medir la temperatura corporal a distancia y que se han hecho muy populares a ra\u00edz de la pandemia de Covid.<\/p>\n\n\n\n<p>En meteorolog\u00eda se mide la temperatura de muchos elementos como el agua, el terreno, el&nbsp;subsuelo, los topes nubosos, etc. Sin embargo, es la temperatura del aire, cerca de la superficie y tambi\u00e9n a diversas altitudes, la variable m\u00e1s observada. La OMM (WMO, 1992) define que <strong>la temperatura del aire es&nbsp;<\/strong><em><strong>la temperatura le\u00edda en un term\u00f3metro expuesto al aire, protegido de la radiaci\u00f3n solar directa<\/strong><\/em><strong>.<\/strong><\/p>\n\n\n\n<p>Como pasa con otras variables meteorol\u00f3gicas, la medici\u00f3n de la temperatura, de forma coordinada y continua a nivel internacional, es b\u00e1sica para hacer unas buenas predicciones del tiempo. Muchas veces las perturbaciones atmosf\u00e9ricas que afectan a nuestro pa\u00eds se forman y evolucionan a miles de kil\u00f3metros de distancia. Por ello, aun contando con los programas de c\u00e1lculo y los ordenadores m\u00e1s avanzados, sin una red global de informaci\u00f3n, dif\u00edcilmente se podr\u00edan hacer predicciones m\u00e1s all\u00e1 de un corto plazo.<\/p>\n\n\n\n<p>Debido a la importancia de las observaciones de temperatura, los servicios meteorol\u00f3gicos utilizan sensores calibrados en un laboratorio especializado y que se someten a una revisi\u00f3n peri\u00f3dica. Adem\u00e1s, los sensores tienen que tener otras caracter\u00edsticas como un tiempo de respuesta adecuado. Este tiempo de respuesta estima el tiempo en que el sensor del term\u00f3metro alcanza el equilibrio t\u00e9rmico con el medio que est\u00e1 midiendo. Un tiempo de respuesta muy corto ser\u00eda capaz de detectar las r\u00e1pidas&nbsp; fluctuaciones, a veces de segundos, que se producen en la temperatura del aire y que son de poco inter\u00e9s operativo, por lo que habr\u00eda que hacer un promedio, mientras que un tiempo de respuesta excesivamente largo podr\u00eda dar lugar a que se suavicen algunos extremos t\u00e9rmicos.<\/p>\n\n\n\n<p><a href=\"https:\/\/aemetblog.es\/2022\/06\/26\/temperaturas-al-sol-y-a-la-sombra-como-se-mide-la-temperatura-en-una-estacion-meteorologica\/#_ftnref2\">Seg\u00fan la OMM (WMO, 1997)<\/a> con sensores autom\u00e1ticos se recomienda promediar en un minuto. Si esto no se hiciera en verano se alcanzar\u00edan picos muy c\u00e1lidos debido a burbujas de aire muy c\u00e1lido que puede subir la temperatura del sensor en unos pocos segundos.<\/p>\n\n\n\n<p><a href=\"https:\/\/aemetblog.es\/2022\/06\/26\/temperaturas-al-sol-y-a-la-sombra-como-se-mide-la-temperatura-en-una-estacion-meteorologica\/#_ftnref3\">La OMM (WMO, 2017)<\/a>, recomienda que la constante de tiempo, definida como el tiempo necesario para que el term\u00f3metro registre el 63,2% de un cambio discreto de la temperatura del aire, sea de 20 segundos (WMO, 2017).<\/p>\n\n\n\n<p>Seg\u00fan la OMM las mediciones de temperatura del aire cerca del suelo se deben realizar en abrigos meteorol\u00f3gicos, que le sirven de protecci\u00f3n y soporte a los sensores, ubicados entre 1.25 y 2 m por encima del nivel del terreno (WMO, 2017). El tipo de protecciones meteorol\u00f3gicas o garitas utilizados es muy variado. En cualquier caso, su interior deber\u00eda estar dise\u00f1ado para proteger el sensor de cualquier fen\u00f3meno que le pudiera afectar, como la radiaci\u00f3n solar o a la precipitaci\u00f3n. Por otro lado, el aire en su interior deber\u00eda tener una temperatura uniforme e igual a la del aire circundante.&nbsp; Todas estas consideraciones son, sin embargo, un ideal dif\u00edcil de alcanzar. En ocasiones cada tipo de garita puede dar lugar a su propio microclima y puede haber ciertas diferencias en la medici\u00f3n de un tipo a otro de abrigo.<\/p>\n\n\n\n<p><\/p>\n\n\n\n<p>Tambi\u00e9n la temperatura es muy sensible al entorno donde se mide. Por eso es importante llevar a cabo un control riguroso de los cambios que se producen. Para la observaci\u00f3n sin\u00f3ptica, la ubicaci\u00f3n de la estaci\u00f3n debe ser representativa de un entorno de 100km y cumplir una serie de recomendaciones. Seg\u00fan la&nbsp;<em>OMM (WMO, 2017): El mejor lugar para realizar las mediciones es, pues, por encima del nivel del suelo, con exposici\u00f3n directa al sol y al viento, y libre de la sombra o proximidad de \u00e1rboles, edificios u otros objetos que obstruyan. Las pendientes muy inclinadas y las depresiones del terreno est\u00e1n expuestas a condiciones excepcionales, por lo que convendr\u00eda evitarlas. En los pueblos y ciudades, las caracter\u00edsticas locales suelen ser m\u00e1s marcadas que en las zonas rurales. Las observaciones de temperatura en las cimas de los edificios son de dudoso valor y utilidad, debido al gradiente vertical variable de temperatura que existe en esos lugares y al efecto del propio edificio sobre la distribuci\u00f3n de la temperatura.<\/em><\/p>\n\n\n\n<p class=\"has-text-align-center\"><em>En definitiva, es importante saber a qu\u00e9 nos referimos cuando hablamos de temperatura del aire, no debemos hablar ni de sol ni de sombra, no fiarnos de cualquier term\u00f3metro de calle, sin calibraci\u00f3n y muchas veces expuesto a la radiaci\u00f3n solar directa. Tambi\u00e9n es importante tener en cuenta la zona se localiza la estaci\u00f3n medidora. Consideremos el dato de una estaci\u00f3n ubicada en un entorno urbano, muy recalentado por la radiaci\u00f3n solar incidente sobre los edificios y asfalto, por el tr\u00e1fico intenso o por los aparatos de aire acondicionado cercanos, que el de otra ubicada en el campo o en el interior de un extenso parque urbano, solo as\u00ed podremos comparar datos de forma fiable y comprender verdaderamente las variaciones t\u00e9rmicas.<\/em><\/p>\n","protected":false},"excerpt":{"rendered":"<p>Por todos es sabido que al sol hace m\u00e1s calor que a la sombra (o a la sombra m\u00e1s fr\u00edo que al sol), nuestro cuerpo &hellip;<\/p>\n","protected":false},"author":1,"featured_media":871,"parent":558,"menu_order":0,"comment_status":"closed","ping_status":"closed","template":"","meta":{"footnotes":""},"class_list":["post-874","page","type-page","status-publish","has-post-thumbnail","hentry"],"_links":{"self":[{"href":"https:\/\/retoglobal.eu\/index.php\/wp-json\/wp\/v2\/pages\/874","targetHints":{"allow":["GET"]}}],"collection":[{"href":"https:\/\/retoglobal.eu\/index.php\/wp-json\/wp\/v2\/pages"}],"about":[{"href":"https:\/\/retoglobal.eu\/index.php\/wp-json\/wp\/v2\/types\/page"}],"author":[{"embeddable":true,"href":"https:\/\/retoglobal.eu\/index.php\/wp-json\/wp\/v2\/users\/1"}],"replies":[{"embeddable":true,"href":"https:\/\/retoglobal.eu\/index.php\/wp-json\/wp\/v2\/comments?post=874"}],"version-history":[{"count":3,"href":"https:\/\/retoglobal.eu\/index.php\/wp-json\/wp\/v2\/pages\/874\/revisions"}],"predecessor-version":[{"id":883,"href":"https:\/\/retoglobal.eu\/index.php\/wp-json\/wp\/v2\/pages\/874\/revisions\/883"}],"up":[{"embeddable":true,"href":"https:\/\/retoglobal.eu\/index.php\/wp-json\/wp\/v2\/pages\/558"}],"wp:featuredmedia":[{"embeddable":true,"href":"https:\/\/retoglobal.eu\/index.php\/wp-json\/wp\/v2\/media\/871"}],"wp:attachment":[{"href":"https:\/\/retoglobal.eu\/index.php\/wp-json\/wp\/v2\/media?parent=874"}],"curies":[{"name":"wp","href":"https:\/\/api.w.org\/{rel}","templated":true}]}}