{"id":768,"date":"2025-03-25T09:00:00","date_gmt":"2025-03-25T08:00:00","guid":{"rendered":"https:\/\/retoglobal.eu\/?page_id=768"},"modified":"2025-03-18T19:26:17","modified_gmt":"2025-03-18T18:26:17","slug":"webs-y-paginas-medio-ambientales-de-la-junta-de-andalucia","status":"publish","type":"page","link":"https:\/\/retoglobal.eu\/index.php\/recursos-y-enlaces\/webs-y-paginas-medio-ambientales-de-la-junta-de-andalucia\/","title":{"rendered":"Web\u00b4s y p\u00e1ginas medio ambientales de la Junta de Andaluc\u00eda."},"content":{"rendered":"\n<figure class=\"wp-block-image size-full\"><img loading=\"lazy\" decoding=\"async\" width=\"800\" height=\"600\" src=\"https:\/\/retoglobal.eu\/wp-content\/uploads\/2024\/10\/Limonium_malacitanum2.jpg\" alt=\"\" class=\"wp-image-571\" srcset=\"https:\/\/retoglobal.eu\/wp-content\/uploads\/2024\/10\/Limonium_malacitanum2.jpg 800w, https:\/\/retoglobal.eu\/wp-content\/uploads\/2024\/10\/Limonium_malacitanum2-300x225.jpg 300w, https:\/\/retoglobal.eu\/wp-content\/uploads\/2024\/10\/Limonium_malacitanum2-768x576.jpg 768w, https:\/\/retoglobal.eu\/wp-content\/uploads\/2024\/10\/Limonium_malacitanum2-400x300.jpg 400w\" sizes=\"auto, (max-width: 800px) 100vw, 800px\" \/><figcaption class=\"wp-element-caption\">Limonium malacitanum, crece en zonas rocosass de la costa malague\u00f1a y granadina, desde Torremolinos, M\u00e1laga capital, El Cantal (Rinc\u00f3n de la Victoria), Torrox Costa, Nerja, Acantilados de Maro-Cerro Gordo a Almu\u00f1\u00e9car.<\/figcaption><\/figure>\n\n\n\n<p>El objetivo de estos enlaces es que se pueda acceder y aprovechar la informaci\u00f3n disponible, que en ocasiones es muy interesante y completa, son oficiales de la Junta de Andaluc\u00eda, iremos agregando otros a medida que los encontremos y verifiquemos.<\/p>\n\n\n\n<h6 class=\"wp-block-heading\">Caracterizaci\u00f3n de la vegetaci\u00f3n en Andaluc\u00eda. Junta de Andaluc\u00eda, \u00e1rea de Medio Ambiente.<\/h6>\n\n\n\n<p><a href=\"https:\/\/www.juntadeandalucia.es\/medioambiente\/portal\/areas-tematicas\/biodiversidad-y-vegetacion\/caracterizacion-de-la-vegetacion-de-andalucia\">https:\/\/www.juntadeandalucia.es\/medioambiente\/portal\/areas-tematicas\/biodiversidad-y-vegetacion\/caracterizacion-de-la-vegetacion-de-andalucia<\/a><\/p>\n\n\n\n<h6 class=\"wp-block-heading\">Visor de la vegetaci\u00f3n de la REDIAM, Red de Informaci\u00f3n Ambiental de Andaluc\u00eda, Junta de Andaluc\u00eda.<\/h6>\n\n\n\n<p><a href=\"https:\/\/laboratoriorediam.cica.es\/AplicacionVegetacion\/vegetacion\/portada_vegetacion.jsp\">https:\/\/laboratoriorediam.cica.es\/AplicacionVegetacion\/vegetacion\/portada_vegetacion.jsp<\/a><\/p>\n\n\n\n<h6 class=\"wp-block-heading\">Portal  Red de Informaci\u00f3n Ambiental de Andaluc\u00eda, REDIAM.<\/h6>\n\n\n\n<p><a href=\"https:\/\/portalrediam.cica.es\/VisorRediam\">https:\/\/portalrediam.cica.es\/VisorRediam<\/a><\/p>\n\n\n\n<h6 class=\"wp-block-heading\">Red de \u00e1reas de pasto cortafuegos en Andaluc\u00eda.<\/h6>\n\n\n\n<p><a href=\"https:\/\/www.juntadeandalucia.es\/medioambiente\/portal\/areas-tematicas\/incendios-forestales\/prevencion-y-participacion-frente-incendios-forestales\/red-de-areas-pasto-cortafuegos-de-andalucia\">https:\/\/www.juntadeandalucia.es\/medioambiente\/portal\/areas-tematicas\/incendios-forestales\/prevencion-y-participacion-frente-incendios-forestales\/red-de-areas-pasto-cortafuegos-de-andalucia<\/a><\/p>\n\n\n\n<h6 class=\"wp-block-heading\">Restauraci\u00f3n forestal, Junta de Andaluc\u00eda.<\/h6>\n\n\n\n<p><a href=\"https:\/\/www.juntadeandalucia.es\/medioambiente\/portal\/landing-page-%C3%ADndice\/-\/asset_publisher\/zX2ouZa4r1Rf\/content\/restauraci-c3-b3n-forestal\/20151\">https:\/\/www.juntadeandalucia.es\/medioambiente\/portal\/landing-page-%C3%ADndice\/-\/asset_publisher\/zX2ouZa4r1Rf\/content\/restauraci-c3-b3n-forestal\/20151<\/a><\/p>\n\n\n\n<h6 class=\"wp-block-heading\">Visor del litoral y el medio marino  Red de Informaci\u00f3n Ambiental de Andaluc\u00eda, REDIAM.<\/h6>\n\n\n\n<p><a href=\"https:\/\/portalrediam.cica.es\/aplicacionLitoral\">https:\/\/portalrediam.cica.es\/aplicacionLitoral<\/a><\/p>\n\n\n\n<h6 class=\"wp-block-heading\">Listado y cat\u00e1logo de la flora y fauna amenazada, con presencia regular, en u ocasional en Andaluc\u00eda.<\/h6>\n\n\n\n<p><a href=\"https:\/\/www.juntadeandalucia.es\/medioambiente\/portal\/areas-tematicas\/biodiversidad-y-vegetacion\/listado-catalogo-flora-fauna-silvestre-amenazada-regular-ocasional-andalucia\">https:\/\/www.juntadeandalucia.es\/medioambiente\/portal\/areas-tematicas\/biodiversidad-y-vegetacion\/listado-catalogo-flora-fauna-silvestre-amenazada-regular-ocasional-andalucia<\/a><\/p>\n\n\n\n<h6 class=\"wp-block-heading\">Red de centros de conservaci\u00f3n, recuperaci\u00f3n o reintroducci\u00f3n de fauna en Andaluc\u00eda.<\/h6>\n\n\n\n<p><a href=\"https:\/\/www.juntadeandalucia.es\/medioambiente\/portal\/web\/guest\/areas-tematicas\/biodiversidad-y-vegetacion\/fauna-amenazada\/red-de-centros-de-conservacion-recuperacion-o-reintroduccion-de-fauna\">https:\/\/www.juntadeandalucia.es\/medioambiente\/portal\/web\/guest\/areas-tematicas\/biodiversidad-y-vegetacion\/fauna-amenazada\/red-de-centros-de-conservacion-recuperacion-o-reintroduccion-de-fauna<\/a><\/p>\n\n\n\n<h6 class=\"wp-block-heading\">Banco de recursos gen\u00e9ticos y biol\u00f3gicos de la fauna amenazada de Andaluc\u00eda.<\/h6>\n\n\n\n<p><a href=\"https:\/\/www.juntadeandalucia.es\/medioambiente\/portal\/web\/guest\/areas-tematicas\/biodiversidad-y-vegetacion\/fauna-amenazada\/red-de-centros-de-conservacion-recuperacion-o-reintroduccion-de-fauna\/banco-de-recursos-biologicos-y-geneticos-de-la-fauna-amenazada-de-andalucia\">https:\/\/www.juntadeandalucia.es\/medioambiente\/portal\/web\/guest\/areas-tematicas\/biodiversidad-y-vegetacion\/fauna-amenazada\/red-de-centros-de-conservacion-recuperacion-o-reintroduccion-de-fauna\/banco-de-recursos-biologicos-y-geneticos-de-la-fauna-amenazada-de-andalucia<\/a><\/p>\n\n\n\n<h6 class=\"wp-block-heading\">Visor de especies protegidas en Andaluc\u00eda. <\/h6>\n\n\n\n<p><a href=\"https:\/\/laboratoriorediam.cica.es\/VisorBiodiversidad5x5\">https:\/\/laboratoriorediam.cica.es\/VisorBiodiversidad5x5<\/a><\/p>\n\n\n\n<h6 class=\"wp-block-heading\">Material de apoyo al Proyecto Correlimos, Junta de Andaluc\u00eda. <\/h6>\n\n\n\n<p><a href=\"https:\/\/www.juntadeandalucia.es\/medioambiente\/portal\/landing-page-%C3%ADndice\/-\/asset_publisher\/zX2ouZa4r1Rf\/content\/material-de-apoyo-al-proyecto-correlimos\/20151\">https:\/\/www.juntadeandalucia.es\/medioambiente\/portal\/landing-page-%C3%ADndice\/-\/asset_publisher\/zX2ouZa4r1Rf\/content\/material-de-apoyo-al-proyecto-correlimos\/20151<\/a><\/p>\n\n\n\n<h6 class=\"wp-block-heading\">Plan de Comunicaci\u00f3n de los instrumentos y herramientas de gesti\u00f3n del litoral andaluz.<\/h6>\n\n\n\n<p><a href=\"https:\/\/www.juntadeandalucia.es\/medioambiente\/portal\/web\/guest\/areas-tematicas\/litoral\/plan-comunicacion-instrumentos-herramientas-gestion-litoral-andalucia\">https:\/\/www.juntadeandalucia.es\/medioambiente\/portal\/web\/guest\/areas-tematicas\/litoral\/plan-comunicacion-instrumentos-herramientas-gestion-litoral-andalucia<\/a><\/p>\n\n\n\n<h6 class=\"wp-block-heading\">Proyecto <strong>life adapte<\/strong><\/h6>\n\n\n\n<p><a href=\"http:\/\/www.lifeadaptamed.eu\">www.lifeadaptamed.eu<\/a><strong><\/strong><\/p>\n\n\n\n<h6 class=\"wp-block-heading\">Estrategia andaluza de econom\u00eda azul sostenible, Junta de Andaluc\u00eda.<\/h6>\n\n\n\n<p><a href=\"https:\/\/www.juntadeandalucia.es\/medioambiente\/portal\/web\/guest\/areas-tematicas\/economia-azul\/estrategia-andaluza-economia-azul-sostenible\">https:\/\/www.juntadeandalucia.es\/medioambiente\/portal\/web\/guest\/areas-tematicas\/economia-azul\/estrategia-andaluza-economia-azul-sostenible<\/a><\/p>\n\n\n\n<h6 class=\"wp-block-heading\">Actuaciones en el medio marino, Junta de Andaluc\u00eda.<\/h6>\n\n\n\n<p><a href=\"https:\/\/www.juntadeandalucia.es\/medioambiente\/portal\/web\/guest\/areas-tematicas\/economia-azul\/actuaciones-medio-marino\">https:\/\/www.juntadeandalucia.es\/medioambiente\/portal\/web\/guest\/areas-tematicas\/economia-azul\/actuaciones-medio-marino<\/a><\/p>\n\n\n\n<h6 class=\"wp-block-heading\">Medio marino, Junta de Andaluc\u00eda.<\/h6>\n\n\n\n<p><a href=\"https:\/\/www.juntadeandalucia.es\/medioambiente\/portal\/web\/guest\/areas-tematicas\/biodiversidad-y-vegetacion\/ecosistemas-y-capital-natural\/medio-marino\">https:\/\/www.juntadeandalucia.es\/medioambiente\/portal\/web\/guest\/areas-tematicas\/biodiversidad-y-vegetacion\/ecosistemas-y-capital-natural\/medio-marino<\/a><\/p>\n\n\n\n<p><\/p>\n","protected":false},"excerpt":{"rendered":"<p>El objetivo de estos enlaces es que se pueda acceder y aprovechar la informaci\u00f3n disponible, que en ocasiones es muy interesante y completa, son oficiales &hellip;<\/p>\n","protected":false},"author":1,"featured_media":484,"parent":129,"menu_order":0,"comment_status":"open","ping_status":"closed","template":"","meta":{"footnotes":""},"class_list":["post-768","page","type-page","status-publish","has-post-thumbnail","hentry"],"_links":{"self":[{"href":"https:\/\/retoglobal.eu\/index.php\/wp-json\/wp\/v2\/pages\/768","targetHints":{"allow":["GET"]}}],"collection":[{"href":"https:\/\/retoglobal.eu\/index.php\/wp-json\/wp\/v2\/pages"}],"about":[{"href":"https:\/\/retoglobal.eu\/index.php\/wp-json\/wp\/v2\/types\/page"}],"author":[{"embeddable":true,"href":"https:\/\/retoglobal.eu\/index.php\/wp-json\/wp\/v2\/users\/1"}],"replies":[{"embeddable":true,"href":"https:\/\/retoglobal.eu\/index.php\/wp-json\/wp\/v2\/comments?post=768"}],"version-history":[{"count":5,"href":"https:\/\/retoglobal.eu\/index.php\/wp-json\/wp\/v2\/pages\/768\/revisions"}],"predecessor-version":[{"id":776,"href":"https:\/\/retoglobal.eu\/index.php\/wp-json\/wp\/v2\/pages\/768\/revisions\/776"}],"up":[{"embeddable":true,"href":"https:\/\/retoglobal.eu\/index.php\/wp-json\/wp\/v2\/pages\/129"}],"wp:featuredmedia":[{"embeddable":true,"href":"https:\/\/retoglobal.eu\/index.php\/wp-json\/wp\/v2\/media\/484"}],"wp:attachment":[{"href":"https:\/\/retoglobal.eu\/index.php\/wp-json\/wp\/v2\/media?parent=768"}],"curies":[{"name":"wp","href":"https:\/\/api.w.org\/{rel}","templated":true}]}}