{"id":399,"date":"2024-03-20T19:47:23","date_gmt":"2024-03-20T18:47:23","guid":{"rendered":"https:\/\/retoglobal.eu\/?page_id=399"},"modified":"2024-03-25T12:29:59","modified_gmt":"2024-03-25T11:29:59","slug":"transicion-energetica","status":"publish","type":"page","link":"https:\/\/retoglobal.eu\/index.php\/reto\/manifiesto-de-la-asociacion-retoglobal-eu\/reduccion-del-consumo-y-de-la-produccion\/transformacion-socio-economica\/transicion-energetica\/","title":{"rendered":"Transici\u00f3n energ\u00e9tica."},"content":{"rendered":"\n<p>Promoveremos la reducci\u00f3n del consumo energ\u00e9tico y el uso de energ\u00edas renovables en ese orden, abandonando los combustibles f\u00f3siles y apostando por un modelo energ\u00e9tico descentralizado, sostenible, equitativo y justo siguiendo los siguientes ejes,<\/p>\n\n\n\n<p><strong><em>\u00bfCu\u00e1nta energ\u00eda necesitamos realmente?<\/em><\/strong>, la energ\u00eda es la gran responsable de los grandes problemas medioambientales por la quema de gas y de petr\u00f3leo, de problemas econ\u00f3micos por su inestabilidad y con alzas que provocan inflaci\u00f3n, y problemas geopol\u00edticos por la interdependencia de terceros pa\u00edses. Sabiendo esto, \u00bfestamos de acuerdo en aceptar un derroche energ\u00e9tico por el negocio de las empresas energ\u00e9ticas?. Apelamos a un reparto justo de la energ\u00eda por lo que <strong>el gran desaf\u00edo energ\u00e9tico no es la producci\u00f3n sino la distribuci\u00f3n<\/strong>, y esto nos lleva al siguiente punto.<\/p>\n\n\n\n<p><strong><em>Reducci\u00f3n de la pobreza energ\u00e9tica,<\/em><\/strong><strong> <\/strong>acceso universal a la energ\u00eda, eficiencia energ\u00e9tica general, apoyo a grupos vulnerables mediante una distribuci\u00f3n equitativa.<\/p>\n\n\n\n<p><strong><em>Consulta y participaci\u00f3n<\/em><\/strong><strong>, <\/strong>mecanismos de gobernanza y participaci\u00f3n transparente y efectiva de todas las comunidades en la toma de decisiones sobre proyectos energ\u00e9ticos que afecten sus territorios.<\/p>\n\n\n\n<p><strong><em>Protecci\u00f3n del medio ambiente,<\/em><\/strong> implementar medidas para minimizar el impacto ambiental de proyectos energ\u00e9ticos en territorios y eliminar la implantaci\u00f3n de proyectos en territorios productivos.<\/p>\n\n\n\n<p class=\"has-text-align-center\"><strong>Es fundamental reducir el consumo de energ\u00eda primaria per c\u00e1pita en los pa\u00edses que m\u00e1s consumen, esto se puede llevar cabo  sin que la salud, la felicidad, la esperanza de vida, el suministro de alimentos, el acceso a servicios b\u00e1sicos de saneamiento, etc., se resientan y as\u00ed reduciremos el impacto en el clima y en el medioambiente, pero a su vez reduciremos la necesidad de grandes infraestructuras energ\u00e9ticas y aumentaremos la equidad en el planeta.<\/strong><\/p>\n\n\n\n<p><strong><em>Abandonar de una vez por todas los combustibles f\u00f3siles<\/em><\/strong>, con pol\u00edticas valientes, necesarias y urgentes. El 16% del total de energ\u00eda que genera este tipo de producci\u00f3n se consume en su propia producci\u00f3n y este porcentaje aumenta continuamente. Creemos y apoyamos una veloz transici\u00f3n energ\u00e9tica mundial y con las condiciones antedichas o aumentaremos las causas del calentamiento global con mayores consecuencias por el cambio clim\u00e1tico, acrecentaremos las posibilidades de escasez de energ\u00eda que recaer\u00e1 en primera instancia en los que menos recursos tienen y que ocasionar\u00e1 una depresi\u00f3n econ\u00f3mica.<\/p>\n\n\n\n<p>Hay que tener en cuenta que casualidad o no, la materia prima de la energ\u00eda a d\u00eda de hoy est\u00e1 en manos de empresas de pa\u00edses y de estados, poco o nada democr\u00e1ticos que controlan la gran producci\u00f3n de combustibles f\u00f3siles que nos hace vulnerables por lo que hay que hacer esa transici\u00f3n energ\u00e9tica de forma urgente pero no a cualquier precio.<\/p>\n\n\n\n<p><\/p>\n\n\n\n<p><\/p>\n","protected":false},"excerpt":{"rendered":"<p>Promoveremos la reducci\u00f3n del consumo energ\u00e9tico y el uso de energ\u00edas renovables en ese orden, abandonando los combustibles f\u00f3siles y apostando por un modelo energ\u00e9tico &hellip;<\/p>\n","protected":false},"author":1,"featured_media":147,"parent":386,"menu_order":-1,"comment_status":"closed","ping_status":"closed","template":"","meta":{"footnotes":""},"class_list":["post-399","page","type-page","status-publish","has-post-thumbnail","hentry"],"_links":{"self":[{"href":"https:\/\/retoglobal.eu\/index.php\/wp-json\/wp\/v2\/pages\/399","targetHints":{"allow":["GET"]}}],"collection":[{"href":"https:\/\/retoglobal.eu\/index.php\/wp-json\/wp\/v2\/pages"}],"about":[{"href":"https:\/\/retoglobal.eu\/index.php\/wp-json\/wp\/v2\/types\/page"}],"author":[{"embeddable":true,"href":"https:\/\/retoglobal.eu\/index.php\/wp-json\/wp\/v2\/users\/1"}],"replies":[{"embeddable":true,"href":"https:\/\/retoglobal.eu\/index.php\/wp-json\/wp\/v2\/comments?post=399"}],"version-history":[{"count":2,"href":"https:\/\/retoglobal.eu\/index.php\/wp-json\/wp\/v2\/pages\/399\/revisions"}],"predecessor-version":[{"id":429,"href":"https:\/\/retoglobal.eu\/index.php\/wp-json\/wp\/v2\/pages\/399\/revisions\/429"}],"up":[{"embeddable":true,"href":"https:\/\/retoglobal.eu\/index.php\/wp-json\/wp\/v2\/pages\/386"}],"wp:featuredmedia":[{"embeddable":true,"href":"https:\/\/retoglobal.eu\/index.php\/wp-json\/wp\/v2\/media\/147"}],"wp:attachment":[{"href":"https:\/\/retoglobal.eu\/index.php\/wp-json\/wp\/v2\/media?parent=399"}],"curies":[{"name":"wp","href":"https:\/\/api.w.org\/{rel}","templated":true}]}}