{"id":307,"date":"2024-03-06T17:27:28","date_gmt":"2024-03-06T16:27:28","guid":{"rendered":"https:\/\/retoglobal.eu\/?page_id=307"},"modified":"2024-10-22T11:28:18","modified_gmt":"2024-10-22T09:28:18","slug":"conferencia-el-cambio-climatico-al-descubierto-causas","status":"publish","type":"page","link":"https:\/\/retoglobal.eu\/index.php\/eventos\/conferencia-el-cambio-climatico-al-descubierto-causas\/","title":{"rendered":"Conferencia \u00abEL CAMBIO CLIM\u00c1TICO AL DESCUBIERTO: CAUSAS\u00bb"},"content":{"rendered":"\n<h2 class=\"wp-block-heading\">Dentro del ciclo de conferencias de 2023, <strong>Nuestro planeta, nuestra responsabilidad<\/strong>, Conversaciones sobre cambio clim\u00e1tico, el viernes 24 de noviembre tuvimos la primera sobre las causas del cambio clim\u00e1tico.<\/h2>\n\n\n\n<p>Esta es la primera de tres ponencias en las que hablaremos del Cambio Clim\u00e1tico, hoy veremos las causas, el origen, las causas naturales y las ocasionadas por nosotras, de este fen\u00f3meno global que ha generado preocupaci\u00f3n en todo el mundo debido a sus impactos cada vez mayores y evidentes tanto en el medio ambiente como en la sociedad. Analizaremos y enumeraremos muchas de esas causas.<\/p>\n\n\n\n<figure class=\"wp-block-image size-full\"><img loading=\"lazy\" decoding=\"async\" width=\"1024\" height=\"768\" src=\"https:\/\/retoglobal.eu\/wp-content\/uploads\/2024\/03\/image-24.png\" alt=\"\" class=\"wp-image-309\" srcset=\"https:\/\/retoglobal.eu\/wp-content\/uploads\/2024\/03\/image-24.png 1024w, https:\/\/retoglobal.eu\/wp-content\/uploads\/2024\/03\/image-24-300x225.png 300w, https:\/\/retoglobal.eu\/wp-content\/uploads\/2024\/03\/image-24-768x576.png 768w, https:\/\/retoglobal.eu\/wp-content\/uploads\/2024\/03\/image-24-400x300.png 400w\" sizes=\"auto, (max-width: 1024px) 100vw, 1024px\" \/><\/figure>\n\n\n\n<p>El planeta Tierra tiene una edad de 4.543 millones de a\u00f1os. Durante los primeros cientos de millones de a\u00f1os, el planeta era una masa viscosa, burbujeante e incandescente con algunas partes solidificadas y con cr\u00e1teres por todos lados, la atm\u00f3sfera ten\u00eda un alto porcentaje de gases sulfurosos, azufre, era un planeta c\u00e1lido e inh\u00f3spito.<\/p>\n\n\n\n<p>La primera glaciaci\u00f3n se sit\u00faa entre los 2.700 y 2.300 millones de a\u00f1os atr\u00e1s, se cree que se produjo por la acumulaci\u00f3n de ox\u00edgeno proveniente de las primeras bacterias, bacterias primitivas. Luego el clima volvi\u00f3 a ser c\u00e1lido por unos 1.500 millones de a\u00f1os hasta entrar en otra glaciaci\u00f3n entre los 750 y 570 millones de a\u00f1os atr\u00e1s, tal vez las m\u00e1s importantes y que afectaron a casi todo el planeta con hielo en todo el globo menos la zona del ecuador.<\/p>\n\n\n\n<figure class=\"wp-block-image size-full\"><img loading=\"lazy\" decoding=\"async\" width=\"1600\" height=\"900\" src=\"https:\/\/retoglobal.eu\/wp-content\/uploads\/2024\/03\/image-3.png\" alt=\"\" class=\"wp-image-266\" srcset=\"https:\/\/retoglobal.eu\/wp-content\/uploads\/2024\/03\/image-3.png 1600w, https:\/\/retoglobal.eu\/wp-content\/uploads\/2024\/03\/image-3-300x169.png 300w, https:\/\/retoglobal.eu\/wp-content\/uploads\/2024\/03\/image-3-768x432.png 768w, https:\/\/retoglobal.eu\/wp-content\/uploads\/2024\/03\/image-3-1024x576.png 1024w, https:\/\/retoglobal.eu\/wp-content\/uploads\/2024\/03\/image-3-1536x864.png 1536w, https:\/\/retoglobal.eu\/wp-content\/uploads\/2024\/03\/image-3-431x242.png 431w\" sizes=\"auto, (max-width: 1600px) 100vw, 1600px\" \/><\/figure>\n\n\n\n<p>Por el aumento de la intensidad volc\u00e1nica, aument\u00f3 el di\u00f3xido de carbono y subieron las temperaturas. El ox\u00edgeno comenz\u00f3 a producirse con la proliferaci\u00f3n de las bacterias, las cianobacterias. Al comienzo del paleozoico hubo una explosi\u00f3n de vida en el planeta hasta la primera glaciaci\u00f3n del mapa donde se produjo la primera extinci\u00f3n masiva de especies, extinci\u00f3n biol\u00f3gica del Fanerozoico.<\/p>\n\n\n\n<p>En el per\u00edodo Tri\u00e1sico, Mesozoico hubo un clima c\u00e1lido hasta el final del tri\u00e1sico que es el per\u00edodo donde comienza a fragmentarse el supercontinente PANGEA que estaba rodeado de un \u00fanico oc\u00e9ano llamado PANTHASA. Este proceso de vulcanismo masivo provoco una atm\u00f3sfera cargada de gases, azufre y lluvia \u00e1cida. Durante el m\u00e1ximo jur\u00e1sico hab\u00eda un clima tropical, altas temperaturas por aumento de CO2 por la aceleraci\u00f3n de la erosi\u00f3n de las rocas.<\/p>\n\n\n\n<p>Aqu\u00ed hubo un aumento de humedad, subi\u00f3 el nivel del mar, fue un per\u00edodo m\u00e1s c\u00e1lido con oc\u00e9anos m\u00e1s extensos, entrando en una etapa donde la temperatura era entre 6 y 12 \u00baC m\u00e1s alta que la actual. Aqu\u00ed ocurri\u00f3 que mucha superficie con enormes concentraciones de materia org\u00e1nica, quedo sepultada, esto hizo que descendiera el CO2 de la atm\u00f3sfera, y por tanto que bajaran las temperaturas. La Ant\u00e1rtida se mantuvo libre de hielo hasta hace unos 35 millones de a\u00f1os. Al final del mioceno un manto de hielo cubri\u00f3 la Ant\u00e1rtida y Groenlandia, la edad de Hielo del Pleistoceno, la expansi\u00f3n de hielos continentales desde hace 2, 5 millones de a\u00f1os.<\/p>\n\n\n\n<p>Los primeros hom\u00ednidos aparecieron entre hace 8 y 6 millones de a\u00f1os, el ser primitivo m\u00e1s antiguo data de hace unos 3 millones de a\u00f1os, hace 400.000 a\u00f1os los Neandertales comenzaron a aparecer y a desplazarse en Europa y Asia. Hace unos 250.000 a\u00f1os los Homo sapiens, los humanos modernos surgen en \u00c1frica. Hace unos 50.000 a\u00f1os los humanos modernos llegaron a Europa. Al final de la \u00faltima edad de hielo, dejamos de ser n\u00f3madas, cazadores \u2013 recolectores, y comienzan los asentamientos.<\/p>\n\n\n\n<figure class=\"wp-block-image size-large\"><img loading=\"lazy\" decoding=\"async\" width=\"1024\" height=\"576\" src=\"https:\/\/retoglobal.eu\/wp-content\/uploads\/2024\/03\/image-4-1024x576.png\" alt=\"\" class=\"wp-image-267\" srcset=\"https:\/\/retoglobal.eu\/wp-content\/uploads\/2024\/03\/image-4-1024x576.png 1024w, https:\/\/retoglobal.eu\/wp-content\/uploads\/2024\/03\/image-4-300x169.png 300w, https:\/\/retoglobal.eu\/wp-content\/uploads\/2024\/03\/image-4-768x432.png 768w, https:\/\/retoglobal.eu\/wp-content\/uploads\/2024\/03\/image-4-1536x864.png 1536w, https:\/\/retoglobal.eu\/wp-content\/uploads\/2024\/03\/image-4-431x242.png 431w, https:\/\/retoglobal.eu\/wp-content\/uploads\/2024\/03\/image-4.png 1600w\" sizes=\"auto, (max-width: 1024px) 100vw, 1024px\" \/><\/figure>\n\n\n\n<h2 class=\"wp-block-heading\"><strong>DIFERENCIA ENTRE TIEMPO Y CLIMA.<\/strong><\/h2>\n\n\n\n<p>El&nbsp;<strong>tiempo<\/strong>&nbsp;se refiere a las condiciones atmosf\u00e9ricas del lugar y en un momento combinaci\u00f3n de factores, variables meteorol\u00f3gicas como temperatura, humedad, velocidad del viento, presi\u00f3n atmosf\u00e9rica, precipitaciones, radiaci\u00f3n solar, etc.<\/p>\n\n\n\n<p>El&nbsp;<strong>clima<\/strong>&nbsp;se refiere a los mismos patrones, pero en un per\u00edodo m\u00e1s largo, con observaciones hist\u00f3ricas y estad\u00edsticas. Es la media de los valores diarios recogidos, pero en un largo periodo de tiempo.<\/p>\n\n\n\n<p>El clima proporciona una descripci\u00f3n del tipo de clima en una regi\u00f3n durante distintas \u00e9pocas del a\u00f1o.<\/p>\n\n\n\n<p>El tiempo se refiere a las condiciones atmosf\u00e9ricas aqu\u00ed y ahora y el clima a lo que tendremos durante el a\u00f1o, el verano que viene, etc.<\/p>\n\n\n\n<p>Los&nbsp;<strong>factores del clima<\/strong>&nbsp;son, Latitud, Circulaci\u00f3n atmosf\u00e9rica, Vientos planetarios, Corrientes marinas, Distancia al mar, Altitud, Relieve.<\/p>\n\n\n\n<figure class=\"wp-block-image size-large\"><img loading=\"lazy\" decoding=\"async\" width=\"1024\" height=\"576\" src=\"https:\/\/retoglobal.eu\/wp-content\/uploads\/2024\/03\/image-5-1024x576.png\" alt=\"\" class=\"wp-image-268\" srcset=\"https:\/\/retoglobal.eu\/wp-content\/uploads\/2024\/03\/image-5-1024x576.png 1024w, https:\/\/retoglobal.eu\/wp-content\/uploads\/2024\/03\/image-5-300x169.png 300w, https:\/\/retoglobal.eu\/wp-content\/uploads\/2024\/03\/image-5-768x432.png 768w, https:\/\/retoglobal.eu\/wp-content\/uploads\/2024\/03\/image-5-1536x864.png 1536w, https:\/\/retoglobal.eu\/wp-content\/uploads\/2024\/03\/image-5-431x242.png 431w, https:\/\/retoglobal.eu\/wp-content\/uploads\/2024\/03\/image-5.png 1600w\" sizes=\"auto, (max-width: 1024px) 100vw, 1024px\" \/><\/figure>\n\n\n\n<h2 class=\"wp-block-heading\"><strong>DE AQU\u00cd LOS DIFERENTES TIPOS DE CLIMAS<\/strong><\/h2>\n\n\n\n<p>Con los factores del clima vemos las distintas franjas con diferentes tipos de climas.<\/p>\n\n\n\n<figure class=\"wp-block-image size-large\"><img loading=\"lazy\" decoding=\"async\" width=\"1024\" height=\"576\" src=\"https:\/\/retoglobal.eu\/wp-content\/uploads\/2024\/03\/image-6-1024x576.png\" alt=\"\" class=\"wp-image-269\" srcset=\"https:\/\/retoglobal.eu\/wp-content\/uploads\/2024\/03\/image-6-1024x576.png 1024w, https:\/\/retoglobal.eu\/wp-content\/uploads\/2024\/03\/image-6-300x169.png 300w, https:\/\/retoglobal.eu\/wp-content\/uploads\/2024\/03\/image-6-768x432.png 768w, https:\/\/retoglobal.eu\/wp-content\/uploads\/2024\/03\/image-6-1536x864.png 1536w, https:\/\/retoglobal.eu\/wp-content\/uploads\/2024\/03\/image-6-431x242.png 431w, https:\/\/retoglobal.eu\/wp-content\/uploads\/2024\/03\/image-6.png 1600w\" sizes=\"auto, (max-width: 1024px) 100vw, 1024px\" \/><\/figure>\n\n\n\n<h2 class=\"wp-block-heading\"><strong>TEMPERATURA OFICIAL<\/strong><\/h2>\n\n\n\n<p>Hay una serie de especificaciones y caracter\u00edsticas que tienen que cumplir las estaciones de meteorolog\u00eda para poder disponer de mediciones precisas y con igualdad de condiciones para una correcta observaci\u00f3n estad\u00edstica. Los term\u00f3metros de las farmacias y aceras no cumplen las especificaciones oficiales y no deben ser tenidos en cuenta a la hora de comparativas.<\/p>\n\n\n\n<figure class=\"wp-block-image size-large\"><img loading=\"lazy\" decoding=\"async\" width=\"1024\" height=\"576\" src=\"https:\/\/retoglobal.eu\/wp-content\/uploads\/2024\/03\/image-7-1024x576.png\" alt=\"\" class=\"wp-image-270\" srcset=\"https:\/\/retoglobal.eu\/wp-content\/uploads\/2024\/03\/image-7-1024x576.png 1024w, https:\/\/retoglobal.eu\/wp-content\/uploads\/2024\/03\/image-7-300x169.png 300w, https:\/\/retoglobal.eu\/wp-content\/uploads\/2024\/03\/image-7-768x432.png 768w, https:\/\/retoglobal.eu\/wp-content\/uploads\/2024\/03\/image-7-1536x864.png 1536w, https:\/\/retoglobal.eu\/wp-content\/uploads\/2024\/03\/image-7-431x242.png 431w, https:\/\/retoglobal.eu\/wp-content\/uploads\/2024\/03\/image-7.png 1600w\" sizes=\"auto, (max-width: 1024px) 100vw, 1024px\" \/><\/figure>\n\n\n\n<h2 class=\"wp-block-heading\"><strong>ATM\u00d3SFERA TERRESTRE<\/strong><\/h2>\n\n\n\n<p>Es la parte gaseosa que recubre y protege a la vida del planeta, sufre una variaci\u00f3n de la temperatura con la altura de aproximadamente 0,65\u00baC por cada 100 metros y una variaci\u00f3n de la presi\u00f3n con la altura, de aproximadamente 1 hPa cada 8 metros o 1 mm de mercurio cada 11,1 metros de ascenso.<\/p>\n\n\n\n<figure class=\"wp-block-image size-large\"><img loading=\"lazy\" decoding=\"async\" width=\"1024\" height=\"576\" src=\"https:\/\/retoglobal.eu\/wp-content\/uploads\/2024\/03\/image-8-1024x576.png\" alt=\"\" class=\"wp-image-271\" srcset=\"https:\/\/retoglobal.eu\/wp-content\/uploads\/2024\/03\/image-8-1024x576.png 1024w, https:\/\/retoglobal.eu\/wp-content\/uploads\/2024\/03\/image-8-300x169.png 300w, https:\/\/retoglobal.eu\/wp-content\/uploads\/2024\/03\/image-8-768x432.png 768w, https:\/\/retoglobal.eu\/wp-content\/uploads\/2024\/03\/image-8-1536x864.png 1536w, https:\/\/retoglobal.eu\/wp-content\/uploads\/2024\/03\/image-8-431x242.png 431w, https:\/\/retoglobal.eu\/wp-content\/uploads\/2024\/03\/image-8.png 1600w\" sizes=\"auto, (max-width: 1024px) 100vw, 1024px\" \/><\/figure>\n\n\n\n<h2 class=\"wp-block-heading\"><strong>PERO \u00bfQUE ES EL CAMBIO CLIM\u00c1TICO?<\/strong><\/h2>\n\n\n\n<p>Son los cambios a largo plazo de las temperaturas y los patrones clim\u00e1ticos, que son una conjunci\u00f3n de fen\u00f3menos naturales y antropog\u00e9nicos. Podriamos decir como definici\u00f3n \u00ab<strong>que es un fen\u00f3meno complejo y multifac\u00e9tico causados principalmente por las actividades humanas, que aumentan la concentraci\u00f3n de GEIs (Gases de efecto invernadero).<\/strong>\u00ab<\/p>\n\n\n\n<p>Aclaremos que los GEIs son necesarios, sin ellos la temperatura media del planeta ser\u00eda de alrededor de -18\u00baC pero siempre en su justa medidad que oscilar\u00eda en alrededor de las 300 ppm.<\/p>\n\n\n\n<p>Forzamiento radiativo es la influencia de la radiaci\u00f3n solar y la radiaci\u00f3n infrarroja en la atm\u00f3sfera y en especial en la troposfera.<\/p>\n\n\n\n<figure class=\"wp-block-image size-large\"><img loading=\"lazy\" decoding=\"async\" width=\"1024\" height=\"576\" src=\"https:\/\/retoglobal.eu\/wp-content\/uploads\/2024\/03\/image-9-1024x576.png\" alt=\"\" class=\"wp-image-272\" srcset=\"https:\/\/retoglobal.eu\/wp-content\/uploads\/2024\/03\/image-9-1024x576.png 1024w, https:\/\/retoglobal.eu\/wp-content\/uploads\/2024\/03\/image-9-300x169.png 300w, https:\/\/retoglobal.eu\/wp-content\/uploads\/2024\/03\/image-9-768x432.png 768w, https:\/\/retoglobal.eu\/wp-content\/uploads\/2024\/03\/image-9-1536x864.png 1536w, https:\/\/retoglobal.eu\/wp-content\/uploads\/2024\/03\/image-9-431x242.png 431w, https:\/\/retoglobal.eu\/wp-content\/uploads\/2024\/03\/image-9.png 1600w\" sizes=\"auto, (max-width: 1024px) 100vw, 1024px\" \/><\/figure>\n\n\n\n<h2 class=\"wp-block-heading\"><strong>EMISIONES GEIs NATURALES<\/strong><\/h2>\n\n\n\n<p>Es la liberaci\u00f3n de GEIs de forma natural, sin la intervenci\u00f3n humana, son parte de ciclos naturales del planeta.<\/p>\n\n\n\n<p><strong>DI\u00d3XIDO DE CARBONO<\/strong>, generado entre otras causas por la respiraci\u00f3n de las plantas y animales, descomposici\u00f3n de materia org\u00e1nica, erupciones de volcanes, respiraci\u00f3n de los oc\u00e9anos, incendios forestales, etc.<\/p>\n\n\n\n<p><strong>METANO<\/strong>, gas que se libera en procesos biog\u00e9nicos como la digesti\u00f3n de alimentos en animales, rumiantes, descomposici\u00f3n de materia org\u00e1nica en humedales, pantanos, y producci\u00f3n de metano en sedimentos oce\u00e1nicos. Retroalimentaci\u00f3n, permafrost.<\/p>\n\n\n\n<p><strong>\u00d3XIDO NITROSO<\/strong>&nbsp;se genera basicamente a trav\u00e9s de actividades microbianas en el suelo y en oc\u00e9anos, en procesos biog\u00e9nicos o en la desnitrificaci\u00f3n en los suelos.<\/p>\n\n\n\n<p><strong>VAPOR DE AGUA<\/strong>&nbsp;est\u00e1 muy influenciado por la temperatura y los patrones clim\u00e1ticos, genera retroalimentaci\u00f3n.<\/p>\n\n\n\n<p><strong>OZONO ESTRATOSFERICO<\/strong>, a diferencia del troposf\u00e9rico es un GEI natural que tiene un papel crucial en la protecci\u00f3n de la radiaci\u00f3n ultravioleta da\u00f1ina del sol.<\/p>\n\n\n\n<p>Las emisiones de origen natural representan el 29% del total de emisiones, este porcentaje var\u00eda continuamente pero no lo suficiente para tener variaciones significativas.<\/p>\n\n\n\n<p>La&nbsp;<strong>ACTIVIDAD SOLAR<\/strong>&nbsp;no genera gases pero si var\u00eda la intensidad de radiaci\u00f3n solar que llega al planeta, tiene un ciclo de 11 a\u00f1os y entre el m\u00e1ximo y el m\u00ednimo de esa variaci\u00f3n es de s\u00f3lo el 0,08%.<\/p>\n\n\n\n<figure class=\"wp-block-image size-large\"><img loading=\"lazy\" decoding=\"async\" width=\"1024\" height=\"576\" src=\"https:\/\/retoglobal.eu\/wp-content\/uploads\/2024\/03\/image-10-1024x576.png\" alt=\"\" class=\"wp-image-273\" srcset=\"https:\/\/retoglobal.eu\/wp-content\/uploads\/2024\/03\/image-10-1024x576.png 1024w, https:\/\/retoglobal.eu\/wp-content\/uploads\/2024\/03\/image-10-300x169.png 300w, https:\/\/retoglobal.eu\/wp-content\/uploads\/2024\/03\/image-10-768x432.png 768w, https:\/\/retoglobal.eu\/wp-content\/uploads\/2024\/03\/image-10-1536x864.png 1536w, https:\/\/retoglobal.eu\/wp-content\/uploads\/2024\/03\/image-10-431x242.png 431w, https:\/\/retoglobal.eu\/wp-content\/uploads\/2024\/03\/image-10.png 1600w\" sizes=\"auto, (max-width: 1024px) 100vw, 1024px\" \/><\/figure>\n\n\n\n<h2 class=\"wp-block-heading\"><strong>EMISIONES DE GEIs ANTROPOG\u00c9NICOS QUE SON LAS GENERADAS POR LOS HUMANOS<\/strong>.<\/h2>\n\n\n\n<p>Es la liberaci\u00f3n de GEIs por las actividades humana,<\/p>\n\n\n\n<p><strong>DI\u00d3XIDO DE CARBONO<\/strong>&nbsp;generado por la quema de combustibles f\u00f3siles en todas sus formas, carb\u00f3n, gas, petr\u00f3leo y derivados, ya sea para la generaci\u00f3n de energ\u00eda, para el transporte, la calefacci\u00f3n; tambi\u00e9n se produce a trav\u00e9s de la deforestaci\u00f3n y la degradaci\u00f3n del suelo, los incendios forestales, etc.<\/p>\n\n\n\n<p><strong>METANO&nbsp;<\/strong>se produce en procesos biog\u00e9nicos como la digesti\u00f3n de alimentos en animales en cautividad, rumiantes, industria ganadera, la gesti\u00f3n de residuos, la producci\u00f3n y transporte de petr\u00f3leo y gas, los arrozales. Es mucho m\u00e1s potente que en CO2 en t\u00e9rminos de retenci\u00f3n de calor.<\/p>\n\n\n\n<p><strong>\u00d3XIDO NITROSO<\/strong>&nbsp;se genera principalmente a partir de la agricultura, la gesti\u00f3n de residuos y la quema de combustibles f\u00f3siles. Tambi\u00e9n es m\u00e1s potente que el CO2.<\/p>\n\n\n\n<p><strong>HIDROFLUROCARBONOS CFC, PERFLUOROCARBONOS PFC Y HEXAFLUORURO DE AZUFRE, ETC<\/strong>., son gases sint\u00e9ticos que se utilizan en la industria, en sistemas de refrigeraci\u00f3n, aires acondicionados electr\u00f3nica, etc. Suelen ser liberados como subproductos de estas actividades.<\/p>\n\n\n\n<p>Las emisiones de origen antropog\u00e9nicas representan el 71% del total de emisiones, este porcentaje var\u00eda.<\/p>\n\n\n\n<figure class=\"wp-block-image size-large\"><img loading=\"lazy\" decoding=\"async\" width=\"1024\" height=\"576\" src=\"https:\/\/retoglobal.eu\/wp-content\/uploads\/2024\/03\/image-11-1024x576.png\" alt=\"\" class=\"wp-image-274\" srcset=\"https:\/\/retoglobal.eu\/wp-content\/uploads\/2024\/03\/image-11-1024x576.png 1024w, https:\/\/retoglobal.eu\/wp-content\/uploads\/2024\/03\/image-11-300x169.png 300w, https:\/\/retoglobal.eu\/wp-content\/uploads\/2024\/03\/image-11-768x432.png 768w, https:\/\/retoglobal.eu\/wp-content\/uploads\/2024\/03\/image-11-1536x864.png 1536w, https:\/\/retoglobal.eu\/wp-content\/uploads\/2024\/03\/image-11-431x242.png 431w, https:\/\/retoglobal.eu\/wp-content\/uploads\/2024\/03\/image-11.png 1600w\" sizes=\"auto, (max-width: 1024px) 100vw, 1024px\" \/><\/figure>\n\n\n\n<h2 class=\"wp-block-heading\"><strong>LA INFLUENCIA HUMANA A PROVOCADO UN CALENTAMIENTO EN EL CLIMA.<\/strong><\/h2>\n\n\n\n<p>Podemos ver el repunte en un periodo de 180 a\u00f1os, desde el comienzo de la edad industrial y en especial desde la segunda revoluci\u00f3n industrial alrededor de 1850.<\/p>\n\n\n\n<p>En el gr\u00e1fico podemos observar tambi\u00e9n como est\u00e1n representadas las emisiones tanto s\u00f3lo naturales como la uni\u00f3n de ambas.<\/p>\n\n\n\n<p><strong>Volvemos a insistir en la diferencia de longitud de tiempo entre los cambios clim\u00e1ticos naturales (entre 10 mil, cien mil o millones de a\u00f1os) y este antropog\u00e9nico de escasos 180 a\u00f1os.<\/strong><\/p>\n\n\n\n<figure class=\"wp-block-image size-large\"><img loading=\"lazy\" decoding=\"async\" width=\"1024\" height=\"576\" src=\"https:\/\/retoglobal.eu\/wp-content\/uploads\/2024\/03\/image-12-1024x576.png\" alt=\"\" class=\"wp-image-275\" srcset=\"https:\/\/retoglobal.eu\/wp-content\/uploads\/2024\/03\/image-12-1024x576.png 1024w, https:\/\/retoglobal.eu\/wp-content\/uploads\/2024\/03\/image-12-300x169.png 300w, https:\/\/retoglobal.eu\/wp-content\/uploads\/2024\/03\/image-12-768x432.png 768w, https:\/\/retoglobal.eu\/wp-content\/uploads\/2024\/03\/image-12-1536x864.png 1536w, https:\/\/retoglobal.eu\/wp-content\/uploads\/2024\/03\/image-12-431x242.png 431w, https:\/\/retoglobal.eu\/wp-content\/uploads\/2024\/03\/image-12.png 1600w\" sizes=\"auto, (max-width: 1024px) 100vw, 1024px\" \/><\/figure>\n\n\n\n<p>Esquema de como interact\u00faa la atm\u00f3sfera, o mejor dicho la trop\u00f3sfera, todo esto ocurre en la biosfera que es la que contiene toda la vida y se da en ese primer sector e incluye la vida subterr\u00e1nea.<\/p>\n\n\n\n<figure class=\"wp-block-image size-large\"><img loading=\"lazy\" decoding=\"async\" width=\"1024\" height=\"576\" src=\"https:\/\/retoglobal.eu\/wp-content\/uploads\/2024\/03\/image-13-1024x576.png\" alt=\"\" class=\"wp-image-276\" srcset=\"https:\/\/retoglobal.eu\/wp-content\/uploads\/2024\/03\/image-13-1024x576.png 1024w, https:\/\/retoglobal.eu\/wp-content\/uploads\/2024\/03\/image-13-300x169.png 300w, https:\/\/retoglobal.eu\/wp-content\/uploads\/2024\/03\/image-13-768x432.png 768w, https:\/\/retoglobal.eu\/wp-content\/uploads\/2024\/03\/image-13-1536x864.png 1536w, https:\/\/retoglobal.eu\/wp-content\/uploads\/2024\/03\/image-13-431x242.png 431w, https:\/\/retoglobal.eu\/wp-content\/uploads\/2024\/03\/image-13.png 1600w\" sizes=\"auto, (max-width: 1024px) 100vw, 1024px\" \/><\/figure>\n\n\n\n<h2 class=\"wp-block-heading\"><strong>CONTAMINANTES O EMISIONES PRIMARIOS Y SECUNDARIOS<\/strong><\/h2>\n\n\n\n<p>Estos GEI se producen ya sea de forma natural el 30% o por el humano el 70% directamente, es decir por un proceso como una combusti\u00f3n que genera CO2, o por exploraci\u00f3n que genera Metano, tambi\u00e9n por la ganader\u00eda intensiva que genera Metano directamente; pero tambi\u00e9n hay un tipo de contaminaci\u00f3n y\/o emisiones que es la secundaria que se producen por distintas combinaciones y reacciones qu\u00edmicas entre los distintos gases o de estos con otros materiales c\u00f3mo el&nbsp;<strong>\u00c1CIDO SULF\u00daRICO, el AMON\u00cdACO los \u00c1CIDOS N\u00cdTRICOS, etc.<\/strong><\/p>\n\n\n\n<p>Menci\u00f3n especial para las&nbsp;<strong>Part\u00edculas las PM<sub>10<\/sub>&nbsp;o PM2,5<\/strong>&nbsp;que se pueden definir como aquellas part\u00edculas s\u00f3lidas o l\u00edquidas, de polvo, cenizas, holl\u00edn, part\u00edculas met\u00e1licas, cemento o polen, dispersas en la atm\u00f3sfera, y cuyo di\u00e1metro var\u00eda entre 2,5 y 10 \u00b5m (1 micr\u00f3metro corresponde la mil\u00e9sima parte de 1 mil\u00edmetro). Est\u00e1n formadas principalmente por compuestos inorg\u00e1nicos como silicatos y aluminatos, metales pesados entre otros, y material org\u00e1nico asociado a part\u00edculas de carbono (holl\u00edn). Se caracterizan por poseer un pH b\u00e1sico debido a la combusti\u00f3n no controlada de materiales.<\/p>\n\n\n\n<figure class=\"wp-block-image size-large\"><img loading=\"lazy\" decoding=\"async\" width=\"1024\" height=\"576\" src=\"https:\/\/retoglobal.eu\/wp-content\/uploads\/2024\/03\/image-14-1024x576.png\" alt=\"\" class=\"wp-image-277\" srcset=\"https:\/\/retoglobal.eu\/wp-content\/uploads\/2024\/03\/image-14-1024x576.png 1024w, https:\/\/retoglobal.eu\/wp-content\/uploads\/2024\/03\/image-14-300x169.png 300w, https:\/\/retoglobal.eu\/wp-content\/uploads\/2024\/03\/image-14-768x432.png 768w, https:\/\/retoglobal.eu\/wp-content\/uploads\/2024\/03\/image-14-1536x864.png 1536w, https:\/\/retoglobal.eu\/wp-content\/uploads\/2024\/03\/image-14-431x242.png 431w, https:\/\/retoglobal.eu\/wp-content\/uploads\/2024\/03\/image-14.png 1600w\" sizes=\"auto, (max-width: 1024px) 100vw, 1024px\" \/><\/figure>\n\n\n\n<h2 class=\"wp-block-heading\"><strong>RETROALIMENTACIONES<\/strong><\/h2>\n\n\n\n<p>El cambio clim\u00e1tico es un sistema ca\u00f3tico y complejo, y posee una serie de eventos que provocan una retroalimentaci\u00f3n positiva o negativa, en este caso positiva es lo contrario de lo deseado. Por ejemplo, el aumento de temperatura genera m\u00e1s humedad por evaporaci\u00f3n por lo que tenemos m\u00e1s vapor de agua en la atm\u00f3sfera que es un GEI por lo que retiene m\u00e1s calor, al retener m\u00e1s cantidad de energ\u00eda genera un aumento de temperatura y as\u00ed se produce mayor evaporaci\u00f3n y as\u00ed sucesivamente en una espiral sin fin.<\/p>\n\n\n\n<p>Algunos ejemplos de retrolimentaci\u00f3n son la&nbsp;<strong>Muerte de los bosques por la sequ\u00eda, incendios forestales, incendio subterr\u00e1neos turba,<\/strong>&nbsp;etc.<\/p>\n\n\n\n<p>Hay identificados 41 bucles de retroalimentaci\u00f3n, 20 f\u00edsicos y 21 biol\u00f3gicos, de estos hay 7 negativos, 7 neutros y 27 bucles de retroalimentaci\u00f3n positiva, que agravan el calentamiento global.<\/p>\n\n\n\n<figure class=\"wp-block-image size-large\"><img loading=\"lazy\" decoding=\"async\" width=\"1024\" height=\"576\" src=\"https:\/\/retoglobal.eu\/wp-content\/uploads\/2024\/03\/image-15-1024x576.png\" alt=\"\" class=\"wp-image-278\" srcset=\"https:\/\/retoglobal.eu\/wp-content\/uploads\/2024\/03\/image-15-1024x576.png 1024w, https:\/\/retoglobal.eu\/wp-content\/uploads\/2024\/03\/image-15-300x169.png 300w, https:\/\/retoglobal.eu\/wp-content\/uploads\/2024\/03\/image-15-768x432.png 768w, https:\/\/retoglobal.eu\/wp-content\/uploads\/2024\/03\/image-15-1536x864.png 1536w, https:\/\/retoglobal.eu\/wp-content\/uploads\/2024\/03\/image-15-431x242.png 431w, https:\/\/retoglobal.eu\/wp-content\/uploads\/2024\/03\/image-15.png 1600w\" sizes=\"auto, (max-width: 1024px) 100vw, 1024px\" \/><\/figure>\n\n\n\n<h2 class=\"wp-block-heading\"><strong>PRINCIPIO DE ALBEDO<\/strong><\/h2>\n\n\n\n<p>El albedo es el&nbsp;<strong>porcentaje de radiaci\u00f3n que cualquier superficie refleja respecto a la radiaci\u00f3n que incide sobre ella<\/strong>, las superficies claras (hielo, nieve) tienen valores de albedo superiores a las oscuras (oc\u00e9anos, bosques), y las brillantes m\u00e1s que las mates. Se trata de una retroalimentaci\u00f3n positiva, por el aumento de temperatura tenemos cada vez menos superficie blanca, de hielo y nieve en glaciares, en el \u00e1rtico, Groenlandia, etc. que es reemplazada por superficie oscura c\u00f3mo es el oc\u00e9ano por lo que al reflejar menos radiaci\u00f3n, aumenta la temperatura y as\u00ed se derrite m\u00e1s superficie helada por lo que refleja menos rdiaci\u00f3n y aumenta la temperatura en un bucle sin fin.<\/p>\n\n\n\n<figure class=\"wp-block-image size-large\"><img loading=\"lazy\" decoding=\"async\" width=\"1024\" height=\"576\" src=\"https:\/\/retoglobal.eu\/wp-content\/uploads\/2024\/03\/image-16-1024x576.png\" alt=\"\" class=\"wp-image-279\" srcset=\"https:\/\/retoglobal.eu\/wp-content\/uploads\/2024\/03\/image-16-1024x576.png 1024w, https:\/\/retoglobal.eu\/wp-content\/uploads\/2024\/03\/image-16-300x169.png 300w, https:\/\/retoglobal.eu\/wp-content\/uploads\/2024\/03\/image-16-768x432.png 768w, https:\/\/retoglobal.eu\/wp-content\/uploads\/2024\/03\/image-16-1536x864.png 1536w, https:\/\/retoglobal.eu\/wp-content\/uploads\/2024\/03\/image-16-431x242.png 431w, https:\/\/retoglobal.eu\/wp-content\/uploads\/2024\/03\/image-16.png 1600w\" sizes=\"auto, (max-width: 1024px) 100vw, 1024px\" \/><\/figure>\n\n\n\n<h2 class=\"wp-block-heading\"><strong>RELACI\u00d3N DI\u00d3XIDO DE CARBONO TEMPERATURA<\/strong><\/h2>\n\n\n\n<p>Podemos llegar a pensar que todo esto es reciente, que nos dimos cuenta ahora, que en 2019 cuando comienza a estar el cambio clim\u00e1tico en las noticias en especial por Greta Thumberg es cuando los cient\u00edficos, la ONU, y dem\u00e1s caen en la cuenta de que vamos mal, pero como podemos ver en el siguiente gr\u00e1fico hace 200 a\u00f1os ya hab\u00eda indicios e investigaciones que planteaban la relaci\u00f3n entre el di\u00f3xido de carbono con la temperatura.<\/p>\n\n\n\n<figure class=\"wp-block-image size-large\"><img loading=\"lazy\" decoding=\"async\" width=\"1024\" height=\"576\" src=\"https:\/\/retoglobal.eu\/wp-content\/uploads\/2024\/03\/image-17-1024x576.png\" alt=\"\" class=\"wp-image-280\" srcset=\"https:\/\/retoglobal.eu\/wp-content\/uploads\/2024\/03\/image-17-1024x576.png 1024w, https:\/\/retoglobal.eu\/wp-content\/uploads\/2024\/03\/image-17-300x169.png 300w, https:\/\/retoglobal.eu\/wp-content\/uploads\/2024\/03\/image-17-768x432.png 768w, https:\/\/retoglobal.eu\/wp-content\/uploads\/2024\/03\/image-17-1536x864.png 1536w, https:\/\/retoglobal.eu\/wp-content\/uploads\/2024\/03\/image-17-431x242.png 431w, https:\/\/retoglobal.eu\/wp-content\/uploads\/2024\/03\/image-17.png 1600w\" sizes=\"auto, (max-width: 1024px) 100vw, 1024px\" \/><\/figure>\n\n\n\n<p>En 1824, JOSEPH FORNIER, Matem\u00e1tico Frances, hizo c\u00e1lculos y sostuvo que dado el equilibrio entre la energ\u00eda entrante del sol y la saliente, la temperatura deber\u00eda ser mucho m\u00e1s fr\u00eda en el planeta, de -18\u00baC.<\/p>\n\n\n\n<p>En 1856, EUNICE NEWTON FOOTE, Cient\u00edfica de EEUU, presenta una Teor\u00eda sobre la absorci\u00f3n de calor por el CO2 y el vapor de agua. Su esposo tuvo que dar las charlas porque no le permit\u00edan a ella exponer por ser mujer.<\/p>\n\n\n\n<p>En 1859, JOHN TYNDALL,&nbsp;F\u00edsico irlandes, Demostr\u00f3 y descubri\u00f3 que las mol\u00e9culas de CO2, metano y vapor de agua bloquean la radiaci\u00f3n infrarroja cosa que no sucede con el ox\u00edgeno y el nitr\u00f3geno.<\/p>\n\n\n\n<p>En 1896, SVANTE ARRHENIUS,&nbsp;Qu\u00edmico de Suecia, ganador del Premio Nobel, expuso que los combustibles f\u00f3siles daban lugar o aceleraban el calentamiento global.<\/p>\n\n\n\n<p>En 1938, GUY STEWART CALLENDAR, Ingeniero&nbsp;de&nbsp;Canad\u00e1, demuestra la&nbsp;Relaci\u00f3n GEI \u2013 Temperatura<\/p>\n\n\n\n<p>En 1956, GILBERT NORMAN PLASS,&nbsp;F\u00edsico de Canad\u00e1, hace una Predicci\u00f3n de lo que est\u00e1 sucediendo ahora.<\/p>\n\n\n\n<p>En 1957, ROGER REVELL, Ocean\u00f3grafo de EEUU junto al qu\u00edmico HANS SUESS, demuestran que la solubilidad del CO2 en el mar y que parte del CO2 de la Quema de combustibles f\u00f3siles se acumulan en la atm\u00f3sfera porque el mar no puede absorber tanta cantidad.&nbsp;&nbsp;&nbsp;&nbsp;&nbsp;&nbsp;&nbsp;&nbsp;&nbsp;&nbsp;<\/p>\n\n\n\n<p>En 1958, CHARLES DAVID KEELING, Cient\u00edfico de EEUU, fue quien comenz\u00f3 a medir el CO2 todos los d\u00edas, creador de la Curva de Keeling, la recopilaci\u00f3n de datos de Keeling sigui\u00f3 en el observatorio de Mauna Loa Haw\u00e1i.<\/p>\n\n\n\n<p>En el a\u00f1o 2000, PAUL CRUTZEN,&nbsp;Qu\u00edmico&nbsp;de Pa\u00edses Bajos, es&nbsp;el primero que habl\u00f3 de que estamos en el Antropoceno.<\/p>\n\n\n\n<h2 class=\"wp-block-heading\"><strong>EJEMPLO, RELACI\u00d3N DI\u00d3XIDO DE CARBONO TEMPERATURA<\/strong><\/h2>\n\n\n\n<p>Y que fue de lo que hablaron estas personas, que descubrieron, obs\u00e9rvese la simetr\u00eda.<\/p>\n\n\n\n<p>La clara relaci\u00f3n entre las emisiones de GEI y la subida de temperatura, el efecto invernadero no es otra cosa que una capa de gases que act\u00faa como una manta que permite pasar la radiaci\u00f3n solar hasta la superficie de la Tierra pero que la atrapa cuando parte de esta es reflejada.<\/p>\n\n\n\n<figure class=\"wp-block-image size-large\"><img loading=\"lazy\" decoding=\"async\" width=\"1024\" height=\"576\" src=\"https:\/\/retoglobal.eu\/wp-content\/uploads\/2024\/03\/image-18-1024x576.png\" alt=\"\" class=\"wp-image-281\" srcset=\"https:\/\/retoglobal.eu\/wp-content\/uploads\/2024\/03\/image-18-1024x576.png 1024w, https:\/\/retoglobal.eu\/wp-content\/uploads\/2024\/03\/image-18-300x169.png 300w, https:\/\/retoglobal.eu\/wp-content\/uploads\/2024\/03\/image-18-768x432.png 768w, https:\/\/retoglobal.eu\/wp-content\/uploads\/2024\/03\/image-18-1536x864.png 1536w, https:\/\/retoglobal.eu\/wp-content\/uploads\/2024\/03\/image-18-431x242.png 431w, https:\/\/retoglobal.eu\/wp-content\/uploads\/2024\/03\/image-18.png 1600w\" sizes=\"auto, (max-width: 1024px) 100vw, 1024px\" \/><\/figure>\n\n\n\n<h2 class=\"wp-block-heading\"><strong>TESTIGOS DE HIELO EN LA ANT\u00c1RTIDA<\/strong><\/h2>\n\n\n\n<p>Se obtuvieron testigos en la Ant\u00e1rtida de entre 200 metros de profundidad hasta 3200, con los que pudieron obtener datos bastantes precisos de hasta 800.000 a\u00f1os atr\u00e1s. Con estos testigos se pudo determinar la temperatura estudiando la mezcla de is\u00f3topos del agua que hab\u00eda en el hielo a sus distintas profundidades, las concentraciones de CO2 y de metano a partir de las burbujas de aire.<\/p>\n\n\n\n<p>Hoy estamos en alrededor de 420 ppm de CO2, el m\u00ednimo que se encontr\u00f3 fue de 180 ppm en el periodo glacial de entre hace 750 y 650mil a\u00f1os, durante un periodo glacial de 100.000 a\u00f1os.<\/p>\n\n\n\n<p>Otros m\u00e9todos de recabaci\u00f3n de datos es el an\u00e1lisis de las conchas y restos f\u00f3siles encontrados como tambi\u00e9n en las rocas en especial las del fondo marino.<\/p>\n\n\n\n<p>En el gr\u00e1fico podemos observar tanto el crecimiento de CO2 hasta el actual, 420 ppm, como tambi\u00e9n el crecimiento del Metano hasta las 1900 ppmil millones, un 132%.<\/p>\n\n\n\n<figure class=\"wp-block-image size-large\"><img loading=\"lazy\" decoding=\"async\" width=\"1024\" height=\"576\" src=\"https:\/\/retoglobal.eu\/wp-content\/uploads\/2024\/03\/image-19-1024x576.png\" alt=\"\" class=\"wp-image-282\" srcset=\"https:\/\/retoglobal.eu\/wp-content\/uploads\/2024\/03\/image-19-1024x576.png 1024w, https:\/\/retoglobal.eu\/wp-content\/uploads\/2024\/03\/image-19-300x169.png 300w, https:\/\/retoglobal.eu\/wp-content\/uploads\/2024\/03\/image-19-768x432.png 768w, https:\/\/retoglobal.eu\/wp-content\/uploads\/2024\/03\/image-19-1536x864.png 1536w, https:\/\/retoglobal.eu\/wp-content\/uploads\/2024\/03\/image-19-431x242.png 431w, https:\/\/retoglobal.eu\/wp-content\/uploads\/2024\/03\/image-19.png 1600w\" sizes=\"auto, (max-width: 1024px) 100vw, 1024px\" \/><\/figure>\n\n\n\n<h2 class=\"wp-block-heading\"><strong>EVOLUCI\u00d3N DE LA TEMPERATURA MEDIA DESDE 1940 a 2023.<\/strong><\/h2>\n\n\n\n<p>Este gr\u00e1fico nos permite ver la evoluci\u00f3n de las temperaturas promedio del planeta mes a mes, d\u00eda a d\u00eda de los \u00faltimos 80 a\u00f1os.<\/p>\n\n\n\n<p>La forma de campana se debe a la mayor extensi\u00f3n de superficie terrestre en el hemisferio norte que absorbe mucha m\u00e1s energ\u00eda durante el periodo de verano que en ese mismo periodo en el hemisferio sur mayoritariamente oce\u00e1nico.<\/p>\n\n\n\n<figure class=\"wp-block-image size-large\"><img loading=\"lazy\" decoding=\"async\" width=\"1024\" height=\"576\" src=\"https:\/\/retoglobal.eu\/wp-content\/uploads\/2024\/03\/image-20-1024x576.png\" alt=\"\" class=\"wp-image-283\" srcset=\"https:\/\/retoglobal.eu\/wp-content\/uploads\/2024\/03\/image-20-1024x576.png 1024w, https:\/\/retoglobal.eu\/wp-content\/uploads\/2024\/03\/image-20-300x169.png 300w, https:\/\/retoglobal.eu\/wp-content\/uploads\/2024\/03\/image-20-768x432.png 768w, https:\/\/retoglobal.eu\/wp-content\/uploads\/2024\/03\/image-20-1536x864.png 1536w, https:\/\/retoglobal.eu\/wp-content\/uploads\/2024\/03\/image-20-431x242.png 431w, https:\/\/retoglobal.eu\/wp-content\/uploads\/2024\/03\/image-20.png 1600w\" sizes=\"auto, (max-width: 1024px) 100vw, 1024px\" \/><\/figure>\n\n\n\n<h2 class=\"wp-block-heading\"><strong>ANOMAL\u00cdA DIARIA DE TEMPERATURA GLOBAL A NOVIEMBRE DE 2023.<\/strong><\/h2>\n\n\n\n<figure class=\"wp-block-image size-large\"><img loading=\"lazy\" decoding=\"async\" width=\"1024\" height=\"576\" src=\"https:\/\/retoglobal.eu\/wp-content\/uploads\/2024\/03\/image-29-1024x576.png\" alt=\"\" class=\"wp-image-292\" srcset=\"https:\/\/retoglobal.eu\/wp-content\/uploads\/2024\/03\/image-29-1024x576.png 1024w, https:\/\/retoglobal.eu\/wp-content\/uploads\/2024\/03\/image-29-300x169.png 300w, https:\/\/retoglobal.eu\/wp-content\/uploads\/2024\/03\/image-29-768x432.png 768w, https:\/\/retoglobal.eu\/wp-content\/uploads\/2024\/03\/image-29-1536x864.png 1536w, https:\/\/retoglobal.eu\/wp-content\/uploads\/2024\/03\/image-29-431x242.png 431w, https:\/\/retoglobal.eu\/wp-content\/uploads\/2024\/03\/image-29.png 1600w\" sizes=\"auto, (max-width: 1024px) 100vw, 1024px\" \/><\/figure>\n\n\n\n<h2 class=\"wp-block-heading\"><strong>EVOLUCI\u00d3N DE LAS EMISIONES TOTALES POR A\u00d1O<\/strong><\/h2>\n\n\n\n<p>Podemos observar que el 50% de todas las emisiones generadas por el ser humano a lo largo de la historia se generaron en los \u00faltimos 30 a\u00f1os.<\/p>\n\n\n\n<p>La revoluci\u00f3n industrial comienza en Inglaterra sobre 1750, la m\u00e1quina de vapor fue patentada em 1769 por James Watt, aqu\u00ed comienza la gran expansi\u00f3n industrial de desarrollo. Estas emisiones se deben en especial, gracias a las m\u00e1quinas, los transportes de vol\u00famenes y peso por medio del ferrocarril a vapor, el aumento de tama\u00f1o y potencia de los barcos.<\/p>\n\n\n\n<p>Hasta la implementaci\u00f3n de estas industrias en especial en Europa y despu\u00e9s en Am\u00e9rica del norte, en crecimiento fue m\u00ednimo pero luego fue una explosi\u00f3n que sigue hoy.<\/p>\n\n\n\n<figure class=\"wp-block-image size-large\"><img loading=\"lazy\" decoding=\"async\" width=\"1024\" height=\"576\" src=\"https:\/\/retoglobal.eu\/wp-content\/uploads\/2024\/03\/image-21-1024x576.png\" alt=\"\" class=\"wp-image-284\" srcset=\"https:\/\/retoglobal.eu\/wp-content\/uploads\/2024\/03\/image-21-1024x576.png 1024w, https:\/\/retoglobal.eu\/wp-content\/uploads\/2024\/03\/image-21-300x169.png 300w, https:\/\/retoglobal.eu\/wp-content\/uploads\/2024\/03\/image-21-768x432.png 768w, https:\/\/retoglobal.eu\/wp-content\/uploads\/2024\/03\/image-21-1536x864.png 1536w, https:\/\/retoglobal.eu\/wp-content\/uploads\/2024\/03\/image-21-431x242.png 431w, https:\/\/retoglobal.eu\/wp-content\/uploads\/2024\/03\/image-21.png 1600w\" sizes=\"auto, (max-width: 1024px) 100vw, 1024px\" \/><\/figure>\n\n\n\n<h2 class=\"wp-block-heading\"><strong>EMISIONES DE GEI POR SECTORES<\/strong><\/h2>\n\n\n\n<figure class=\"wp-block-image size-large\"><img loading=\"lazy\" decoding=\"async\" width=\"1024\" height=\"576\" src=\"https:\/\/retoglobal.eu\/wp-content\/uploads\/2024\/03\/image-30-1024x576.png\" alt=\"\" class=\"wp-image-312\" srcset=\"https:\/\/retoglobal.eu\/wp-content\/uploads\/2024\/03\/image-30-1024x576.png 1024w, https:\/\/retoglobal.eu\/wp-content\/uploads\/2024\/03\/image-30-300x169.png 300w, https:\/\/retoglobal.eu\/wp-content\/uploads\/2024\/03\/image-30-768x432.png 768w, https:\/\/retoglobal.eu\/wp-content\/uploads\/2024\/03\/image-30-1536x864.png 1536w, https:\/\/retoglobal.eu\/wp-content\/uploads\/2024\/03\/image-30-431x242.png 431w, https:\/\/retoglobal.eu\/wp-content\/uploads\/2024\/03\/image-30.png 1600w\" sizes=\"auto, (max-width: 1024px) 100vw, 1024px\" \/><\/figure>\n\n\n\n<h2 class=\"wp-block-heading\"><strong>EMISIONES DE GASES DE EFECTO INVERNADERO POR FUENTE.<\/strong><\/h2>\n\n\n\n<figure class=\"wp-block-image size-large\"><img loading=\"lazy\" decoding=\"async\" width=\"1024\" height=\"576\" src=\"https:\/\/retoglobal.eu\/wp-content\/uploads\/2024\/03\/image-23-1024x576.png\" alt=\"\" class=\"wp-image-286\" srcset=\"https:\/\/retoglobal.eu\/wp-content\/uploads\/2024\/03\/image-23-1024x576.png 1024w, https:\/\/retoglobal.eu\/wp-content\/uploads\/2024\/03\/image-23-300x169.png 300w, https:\/\/retoglobal.eu\/wp-content\/uploads\/2024\/03\/image-23-768x432.png 768w, https:\/\/retoglobal.eu\/wp-content\/uploads\/2024\/03\/image-23-1536x864.png 1536w, https:\/\/retoglobal.eu\/wp-content\/uploads\/2024\/03\/image-23-431x242.png 431w, https:\/\/retoglobal.eu\/wp-content\/uploads\/2024\/03\/image-23.png 1600w\" sizes=\"auto, (max-width: 1024px) 100vw, 1024px\" \/><\/figure>\n\n\n\n<h2 class=\"wp-block-heading\"><strong>EMISIONES MUNDIALES DE GASES DE EFECTO INVERNADERO.<\/strong><\/h2>\n\n\n\n<figure class=\"wp-block-image size-large\"><img loading=\"lazy\" decoding=\"async\" width=\"1024\" height=\"576\" src=\"https:\/\/retoglobal.eu\/wp-content\/uploads\/2024\/03\/image-26-1024x576.png\" alt=\"\" class=\"wp-image-289\" srcset=\"https:\/\/retoglobal.eu\/wp-content\/uploads\/2024\/03\/image-26-1024x576.png 1024w, https:\/\/retoglobal.eu\/wp-content\/uploads\/2024\/03\/image-26-300x169.png 300w, https:\/\/retoglobal.eu\/wp-content\/uploads\/2024\/03\/image-26-768x432.png 768w, https:\/\/retoglobal.eu\/wp-content\/uploads\/2024\/03\/image-26-1536x864.png 1536w, https:\/\/retoglobal.eu\/wp-content\/uploads\/2024\/03\/image-26-431x242.png 431w, https:\/\/retoglobal.eu\/wp-content\/uploads\/2024\/03\/image-26.png 1600w\" sizes=\"auto, (max-width: 1024px) 100vw, 1024px\" \/><\/figure>\n\n\n\n<h2 class=\"wp-block-heading\"><strong>PRINCIPALES PA\u00cdSES EMISORES DE CO2<\/strong><\/h2>\n\n\n\n<figure class=\"wp-block-image size-large\"><img loading=\"lazy\" decoding=\"async\" width=\"1024\" height=\"576\" src=\"https:\/\/retoglobal.eu\/wp-content\/uploads\/2024\/03\/image-31-1024x576.png\" alt=\"\" class=\"wp-image-313\" srcset=\"https:\/\/retoglobal.eu\/wp-content\/uploads\/2024\/03\/image-31-1024x576.png 1024w, https:\/\/retoglobal.eu\/wp-content\/uploads\/2024\/03\/image-31-300x169.png 300w, https:\/\/retoglobal.eu\/wp-content\/uploads\/2024\/03\/image-31-768x432.png 768w, https:\/\/retoglobal.eu\/wp-content\/uploads\/2024\/03\/image-31-1536x864.png 1536w, https:\/\/retoglobal.eu\/wp-content\/uploads\/2024\/03\/image-31-431x242.png 431w, https:\/\/retoglobal.eu\/wp-content\/uploads\/2024\/03\/image-31.png 1600w\" sizes=\"auto, (max-width: 1024px) 100vw, 1024px\" \/><\/figure>\n\n\n\n<figure class=\"wp-block-image size-large\"><img loading=\"lazy\" decoding=\"async\" width=\"1024\" height=\"576\" src=\"https:\/\/retoglobal.eu\/wp-content\/uploads\/2024\/03\/image-28-1024x576.png\" alt=\"\" class=\"wp-image-291\" srcset=\"https:\/\/retoglobal.eu\/wp-content\/uploads\/2024\/03\/image-28-1024x576.png 1024w, https:\/\/retoglobal.eu\/wp-content\/uploads\/2024\/03\/image-28-300x169.png 300w, https:\/\/retoglobal.eu\/wp-content\/uploads\/2024\/03\/image-28-768x432.png 768w, https:\/\/retoglobal.eu\/wp-content\/uploads\/2024\/03\/image-28-1536x864.png 1536w, https:\/\/retoglobal.eu\/wp-content\/uploads\/2024\/03\/image-28-431x242.png 431w, https:\/\/retoglobal.eu\/wp-content\/uploads\/2024\/03\/image-28.png 1600w\" sizes=\"auto, (max-width: 1024px) 100vw, 1024px\" \/><\/figure>\n\n\n\n<h2 class=\"wp-block-heading\"><strong>ALGUNAS FOTOS DE LA PONENCIA.<\/strong><\/h2>\n\n\n\n<figure class=\"wp-block-gallery has-nested-images columns-default is-cropped wp-block-gallery-1 is-layout-flex wp-block-gallery-is-layout-flex\">\n<figure class=\"wp-block-image size-large\"><img loading=\"lazy\" decoding=\"async\" width=\"280\" height=\"384\" data-id=\"305\" src=\"https:\/\/retoglobal.eu\/wp-content\/uploads\/2024\/03\/Cartel-24-11-e1709727896986.jpg\" alt=\"\" class=\"wp-image-305\" srcset=\"https:\/\/retoglobal.eu\/wp-content\/uploads\/2024\/03\/Cartel-24-11-e1709727896986.jpg 280w, https:\/\/retoglobal.eu\/wp-content\/uploads\/2024\/03\/Cartel-24-11-e1709727896986-219x300.jpg 219w\" sizes=\"auto, (max-width: 280px) 100vw, 280px\" \/><\/figure>\n\n\n\n<figure class=\"wp-block-image size-large\"><img loading=\"lazy\" decoding=\"async\" width=\"416\" height=\"1024\" data-id=\"304\" src=\"https:\/\/retoglobal.eu\/wp-content\/uploads\/2024\/03\/IMG-20231124-WA0004-e1709727926558-416x1024.jpg\" alt=\"\" class=\"wp-image-304\" srcset=\"https:\/\/retoglobal.eu\/wp-content\/uploads\/2024\/03\/IMG-20231124-WA0004-e1709727926558-416x1024.jpg 416w, https:\/\/retoglobal.eu\/wp-content\/uploads\/2024\/03\/IMG-20231124-WA0004-e1709727926558-122x300.jpg 122w, https:\/\/retoglobal.eu\/wp-content\/uploads\/2024\/03\/IMG-20231124-WA0004-e1709727926558-624x1536.jpg 624w, https:\/\/retoglobal.eu\/wp-content\/uploads\/2024\/03\/IMG-20231124-WA0004-e1709727926558.jpg 650w\" sizes=\"auto, (max-width: 416px) 100vw, 416px\" \/><\/figure>\n\n\n\n<figure class=\"wp-block-image size-large\"><img loading=\"lazy\" decoding=\"async\" width=\"759\" height=\"596\" data-id=\"300\" src=\"https:\/\/retoglobal.eu\/wp-content\/uploads\/2024\/03\/7.jpg\" alt=\"\" class=\"wp-image-300\" srcset=\"https:\/\/retoglobal.eu\/wp-content\/uploads\/2024\/03\/7.jpg 759w, https:\/\/retoglobal.eu\/wp-content\/uploads\/2024\/03\/7-300x236.jpg 300w, https:\/\/retoglobal.eu\/wp-content\/uploads\/2024\/03\/7-382x300.jpg 382w\" sizes=\"auto, (max-width: 759px) 100vw, 759px\" \/><\/figure>\n\n\n\n<figure class=\"wp-block-image size-large\"><img loading=\"lazy\" decoding=\"async\" width=\"1000\" height=\"711\" data-id=\"301\" src=\"https:\/\/retoglobal.eu\/wp-content\/uploads\/2024\/03\/9-e1709728195579.jpg\" alt=\"\" class=\"wp-image-301\" srcset=\"https:\/\/retoglobal.eu\/wp-content\/uploads\/2024\/03\/9-e1709728195579.jpg 1000w, https:\/\/retoglobal.eu\/wp-content\/uploads\/2024\/03\/9-e1709728195579-300x213.jpg 300w, https:\/\/retoglobal.eu\/wp-content\/uploads\/2024\/03\/9-e1709728195579-768x546.jpg 768w, https:\/\/retoglobal.eu\/wp-content\/uploads\/2024\/03\/9-e1709728195579-422x300.jpg 422w\" sizes=\"auto, (max-width: 1000px) 100vw, 1000px\" \/><\/figure>\n\n\n\n<figure class=\"wp-block-image size-large\"><img loading=\"lazy\" decoding=\"async\" width=\"1024\" height=\"760\" data-id=\"303\" src=\"https:\/\/retoglobal.eu\/wp-content\/uploads\/2024\/03\/17-e1709728132326-1024x760.jpg\" alt=\"\" class=\"wp-image-303\" srcset=\"https:\/\/retoglobal.eu\/wp-content\/uploads\/2024\/03\/17-e1709728132326-1024x760.jpg 1024w, https:\/\/retoglobal.eu\/wp-content\/uploads\/2024\/03\/17-e1709728132326-300x223.jpg 300w, https:\/\/retoglobal.eu\/wp-content\/uploads\/2024\/03\/17-e1709728132326-768x570.jpg 768w, https:\/\/retoglobal.eu\/wp-content\/uploads\/2024\/03\/17-e1709728132326-404x300.jpg 404w, https:\/\/retoglobal.eu\/wp-content\/uploads\/2024\/03\/17-e1709728132326.jpg 1128w\" sizes=\"auto, (max-width: 1024px) 100vw, 1024px\" \/><\/figure>\n\n\n\n<figure class=\"wp-block-image size-large\"><img loading=\"lazy\" decoding=\"async\" width=\"912\" height=\"626\" data-id=\"297\" src=\"https:\/\/retoglobal.eu\/wp-content\/uploads\/2024\/03\/8.jpg\" alt=\"\" class=\"wp-image-297\" srcset=\"https:\/\/retoglobal.eu\/wp-content\/uploads\/2024\/03\/8.jpg 912w, https:\/\/retoglobal.eu\/wp-content\/uploads\/2024\/03\/8-300x206.jpg 300w, https:\/\/retoglobal.eu\/wp-content\/uploads\/2024\/03\/8-768x527.jpg 768w, https:\/\/retoglobal.eu\/wp-content\/uploads\/2024\/03\/8-431x296.jpg 431w\" sizes=\"auto, (max-width: 912px) 100vw, 912px\" \/><\/figure>\n\n\n\n<figure class=\"wp-block-image size-large\"><img loading=\"lazy\" decoding=\"async\" width=\"763\" height=\"549\" data-id=\"294\" src=\"https:\/\/retoglobal.eu\/wp-content\/uploads\/2024\/03\/10.jpg\" alt=\"\" class=\"wp-image-294\" srcset=\"https:\/\/retoglobal.eu\/wp-content\/uploads\/2024\/03\/10.jpg 763w, https:\/\/retoglobal.eu\/wp-content\/uploads\/2024\/03\/10-300x216.jpg 300w, https:\/\/retoglobal.eu\/wp-content\/uploads\/2024\/03\/10-417x300.jpg 417w\" sizes=\"auto, (max-width: 763px) 100vw, 763px\" \/><\/figure>\n\n\n\n<figure class=\"wp-block-image size-large\"><img loading=\"lazy\" decoding=\"async\" width=\"764\" height=\"633\" data-id=\"299\" src=\"https:\/\/retoglobal.eu\/wp-content\/uploads\/2024\/03\/11.jpg\" alt=\"\" class=\"wp-image-299\" srcset=\"https:\/\/retoglobal.eu\/wp-content\/uploads\/2024\/03\/11.jpg 764w, https:\/\/retoglobal.eu\/wp-content\/uploads\/2024\/03\/11-300x249.jpg 300w, https:\/\/retoglobal.eu\/wp-content\/uploads\/2024\/03\/11-362x300.jpg 362w\" sizes=\"auto, (max-width: 764px) 100vw, 764px\" \/><\/figure>\n<\/figure>\n","protected":false},"excerpt":{"rendered":"<p>Dentro del ciclo de conferencias de 2023, Nuestro planeta, nuestra responsabilidad, Conversaciones sobre cambio clim\u00e1tico, el viernes 24 de noviembre tuvimos la primera sobre las &hellip;<\/p>\n","protected":false},"author":1,"featured_media":104,"parent":18,"menu_order":-2,"comment_status":"closed","ping_status":"closed","template":"","meta":{"footnotes":""},"class_list":["post-307","page","type-page","status-publish","has-post-thumbnail","hentry"],"_links":{"self":[{"href":"https:\/\/retoglobal.eu\/index.php\/wp-json\/wp\/v2\/pages\/307","targetHints":{"allow":["GET"]}}],"collection":[{"href":"https:\/\/retoglobal.eu\/index.php\/wp-json\/wp\/v2\/pages"}],"about":[{"href":"https:\/\/retoglobal.eu\/index.php\/wp-json\/wp\/v2\/types\/page"}],"author":[{"embeddable":true,"href":"https:\/\/retoglobal.eu\/index.php\/wp-json\/wp\/v2\/users\/1"}],"replies":[{"embeddable":true,"href":"https:\/\/retoglobal.eu\/index.php\/wp-json\/wp\/v2\/comments?post=307"}],"version-history":[{"count":3,"href":"https:\/\/retoglobal.eu\/index.php\/wp-json\/wp\/v2\/pages\/307\/revisions"}],"predecessor-version":[{"id":318,"href":"https:\/\/retoglobal.eu\/index.php\/wp-json\/wp\/v2\/pages\/307\/revisions\/318"}],"up":[{"embeddable":true,"href":"https:\/\/retoglobal.eu\/index.php\/wp-json\/wp\/v2\/pages\/18"}],"wp:featuredmedia":[{"embeddable":true,"href":"https:\/\/retoglobal.eu\/index.php\/wp-json\/wp\/v2\/media\/104"}],"wp:attachment":[{"href":"https:\/\/retoglobal.eu\/index.php\/wp-json\/wp\/v2\/media?parent=307"}],"curies":[{"name":"wp","href":"https:\/\/api.w.org\/{rel}","templated":true}]}}