{"id":129,"date":"2024-01-07T14:08:52","date_gmt":"2024-01-07T13:08:52","guid":{"rendered":"https:\/\/retoglobal.eu\/?page_id=129"},"modified":"2024-01-07T17:42:33","modified_gmt":"2024-01-07T16:42:33","slug":"recursos-y-enlaces","status":"publish","type":"page","link":"https:\/\/retoglobal.eu\/index.php\/recursos-y-enlaces\/","title":{"rendered":"Recursos y enlaces."},"content":{"rendered":"\n<p>El Grupo Intergubernamental de Expertos sobre el Cambio Clim\u00e1tico o Panel Intergubernamental del Cambio Clim\u00e1tico, dependiente de las Naciones Unidas, elabora los informes que son utilizados en la Convenci\u00f3n Marco de las Naciones Unidas sobre el Cambio Clim\u00e1tico.<\/p>\n\n\n\n<h5 class=\"wp-block-heading\"><strong>Sexto&nbsp;Informe de Evaluaci\u00f3n del IPCC, (AR6) 2023.<\/strong><\/h5>\n\n\n\n<h5 class=\"wp-block-heading\"><a href=\"https:\/\/www.ipcc.ch\/report\/ar6\/syr\/\" target=\"_blank\" rel=\"noreferrer noopener\">Sexto Informe pagina de acceso a todos los informes, a\u00fan en ingl\u00e9s.<\/a><\/h5>\n\n\n\n<h5 class=\"wp-block-heading\"><strong>Quinto Informe de Evaluaci\u00f3n del IPCC, (ARS5) 2014.<\/strong><\/h5>\n\n\n\n<h5 class=\"wp-block-heading\">Quinto Informe IPCC, 2013. (ARS5), <em><strong>Grupo de trabajo I. Bases F\u00edsicas.<\/strong><\/em><\/h5>\n\n\n\n<h5 class=\"wp-block-heading\"><a href=\"https:\/\/archive.ipcc.ch\/pdf\/assessment-report\/ar5\/wg1\/WG1AR5_SummaryVolume_FINAL_SPANISH.pdf\" target=\"_blank\" rel=\"noreferrer noopener\">Resumen.<\/a><\/h5>\n\n\n\n<h5 class=\"wp-block-heading\"><a href=\"https:\/\/www.ipcc.ch\/site\/assets\/uploads\/2018\/03\/ar5_wg1_headlines_es.pdf\" target=\"_blank\" rel=\"noreferrer noopener\">Afirmaciones principales<\/a>,&nbsp;<\/h5>\n\n\n\n<h5 class=\"wp-block-heading\"><a href=\"https:\/\/www.ipcc.ch\/site\/assets\/uploads\/2020\/02\/WGI_AR5_TS_FAQ_ES.pdf\" target=\"_blank\" rel=\"noreferrer noopener\">Resumen t\u00e9cnico y preguntas frecuentes,&nbsp;<\/a><\/h5>\n\n\n\n<h5 class=\"wp-block-heading\">Quinto Informe IPCC, 2014. (ARS5), <em><strong>Grupo de trabajo II. Impactos, adaptaci\u00f3n y vulnerabilidad.<\/strong><\/em><\/h5>\n\n\n\n<h5 class=\"wp-block-heading\"><a href=\"https:\/\/www.ipcc.ch\/site\/assets\/uploads\/2018\/03\/ar5_wgII_spm_es-1.pdf\" target=\"_blank\" rel=\"noreferrer noopener\">Resumen.<\/a><\/h5>\n\n\n\n<h5 class=\"wp-block-heading\"><a href=\"https:\/\/www.ipcc.ch\/site\/assets\/uploads\/2018\/03\/WGIIAR5_SPM_Top_Level_Findings_es-1.pdf\" target=\"_blank\" rel=\"noreferrer noopener\">Conclusiones.<\/a>&nbsp;<\/h5>\n\n\n\n<h5 class=\"wp-block-heading\"><a href=\"https:\/\/www.ipcc.ch\/site\/assets\/uploads\/2018\/03\/WGIIAR5-IntegrationBrochure_es-1.pdf\" target=\"_blank\" rel=\"noreferrer noopener\">Res\u00famenes, preguntas frecuentes.<\/a><\/h5>\n\n\n\n<h5 class=\"wp-block-heading\">Quinto Informe IPCC, 2014 (ARS5), <strong><em>Grupo de Trabajo III, Mitigaci\u00f3n del Cambio Clim\u00e1tico.<\/em><\/strong><\/h5>\n\n\n\n<h5 class=\"wp-block-heading\"><a href=\"https:\/\/www.ipcc.ch\/site\/assets\/uploads\/2018\/03\/WG3AR5_SPM_brochure_es-1.pdf\" target=\"_blank\" rel=\"noreferrer noopener\">Resumen.<\/a><\/h5>\n\n\n\n<h5 class=\"wp-block-heading\"><a href=\"https:\/\/www.ipcc.ch\/site\/assets\/uploads\/2018\/03\/WGIIIAR5_SPM_TS_Volume_es-1.pdf\" target=\"_blank\" rel=\"noreferrer noopener\">Resumen t\u00e9cnico.<\/a><\/h5>\n\n\n\n<h5 class=\"wp-block-heading\"><a href=\"https:\/\/www.ipcc.ch\/site\/assets\/uploads\/2018\/02\/AR5_SYR_FINAL_SPM_es.pdf\" target=\"_blank\" rel=\"noreferrer noopener\">Cambio Clim\u00e1tico 2014. <em><strong>Informe de S\u00edntesis.<\/strong><\/em><\/a><\/h5>\n\n\n\n<h1 class=\"wp-block-heading\"><\/h1>\n\n\n\n<h5 class=\"wp-block-heading\"><strong>Cuarto Informe de Evaluaci\u00f3n del IPCC, (ARS4) 2007.<\/strong><\/h5>\n\n\n\n<h5 class=\"wp-block-heading\">Cuarto Informe IPCC, 2007 (ARS4), <strong><em>Grupo de Trabajo I, Base de Ciencia F\u00edsica.<\/em><\/strong><\/h5>\n\n\n\n<h5 class=\"wp-block-heading\"><a href=\"https:\/\/www.ipcc.ch\/site\/assets\/uploads\/2020\/02\/ar4-wg1-sum-vol-sp.pdf\" target=\"_blank\" rel=\"noreferrer noopener\">Resumen.<\/a><\/h5>\n\n\n\n<h5 class=\"wp-block-heading\">Cuarto Informe IPCC, 2007. (ARS4), <strong><em>Grupo de trabajo II. Impactos, adaptaci\u00f3n y vulnerabilidad.<\/em><\/strong><\/h5>\n\n\n\n<h5 class=\"wp-block-heading\"><a href=\"https:\/\/www.ipcc.ch\/site\/assets\/uploads\/2020\/02\/ar4-wg2-sum-vol-sp.pdf\" target=\"_blank\" rel=\"noreferrer noopener\">Resumen.<\/a><\/h5>\n\n\n\n<h5 class=\"wp-block-heading\">Cuarto Informe IPCC, 2007 (ARS4), <strong><em>Grupo de Trabajo III, Mitigaci\u00f3n del Cambio Clim\u00e1tico.<\/em><\/strong><\/h5>\n\n\n\n<h5 class=\"wp-block-heading\"><a href=\"https:\/\/www.ipcc.ch\/site\/assets\/uploads\/2020\/02\/ar4-wg3-sum-vol-sp.pdf\" target=\"_blank\" rel=\"noreferrer noopener\">Resumen.<\/a><\/h5>\n\n\n\n<h5 class=\"wp-block-heading\">Cambio Clim\u00e1tico 2007. <a href=\"https:\/\/www.ipcc.ch\/site\/assets\/uploads\/2018\/02\/ar4_syr_sp.pdf\" target=\"_blank\" rel=\"noreferrer noopener\"><em><strong>Informe de S\u00edntesis.<\/strong><\/em><\/a><\/h5>\n\n\n\n<h5 class=\"wp-block-heading\"><a href=\"https:\/\/www.un.org\/es\/ga\/president\/65\/issues\/sustdev.shtml#:~:text=Se%20define%20%C2%ABel%20desarrollo%20sostenible,para%20satisfacer%20sus%20propias%20necesidades%C2%BB\" target=\"_blank\" rel=\"noreferrer noopener\">Asamblea General de las Naciones Unidas.<\/a><\/h5>\n\n\n\n<h5 class=\"wp-block-heading\"><a href=\"https:\/\/www.ecominga.uqam.ca\/PDF\/BIBLIOGRAPHIE\/GUIDE_LECTURE_1\/CMMAD-Informe-Comision-Brundtland-sobre-Medio-Ambiente-Desarrollo.pdf\" target=\"_blank\" rel=\"noreferrer noopener\">Informe Comisi\u00f3n Mundial sobre el Medio Ambiente y el Desarrollo. 1987.&nbsp;<\/a><\/h5>\n\n\n\n<h5 class=\"wp-block-heading\"><a href=\"https:\/\/unstats.un.org\/sdgs\/report\/2022\" target=\"_blank\" rel=\"noreferrer noopener\">Informe de Seguimiento de los Progresos Obtenidos por los ODS.<\/a><\/h5>\n\n\n\n<h2 class=\"wp-block-heading\">Enlaces a paginas webs, archivos y documentos de inter\u00e9s.<\/h2>\n\n\n\n<h5 class=\"wp-block-heading\"><strong>Global<\/strong><\/h5>\n\n\n\n<p><a href=\"https:\/\/www.ramsar.org\/es\/acerca-de-la-convencion-sobre-los-humedales\" target=\"_blank\" rel=\"noreferrer noopener\">Convenci\u00f3n sobre humedales.<\/a><\/p>\n\n\n\n<p><a href=\"https:\/\/www.unisdr.org\/files\/43291_spanishsendaiframeworkfordisasterri.pdf\" target=\"_blank\" rel=\"noreferrer noopener\">Marcos de SENDAI para la reducci\u00f3n del riesgos de desastres 2015-2030<\/a>&nbsp;&nbsp;<\/p>\n\n\n\n<p><a href=\"https:\/\/unesdoc.unesco.org\/ark:\/48223\/pf0000247647\" target=\"_blank\" rel=\"noreferrer noopener\">Informe mundial de las Naciones Unidas sobre el desarrollo de los recursos h\u00eddricos, 2017: Aguas residuales: el recurso no explotado<\/a><\/p>\n\n\n\n<h5 class=\"wp-block-heading\"><strong>Uni\u00f3n Europea.<\/strong><\/h5>\n\n\n\n<h5 class=\"wp-block-heading\"><a href=\"https:\/\/eur-lex.europa.eu\/resource.html?uri=cellar:b828d165-1c22-11ea-8c1f-01aa75ed71a1.0004.02\/DOC_1&amp;format=PDF\" target=\"_blank\" rel=\"noreferrer noopener\">Pacto verde europeo.<\/a><\/h5>\n\n\n\n<h5 class=\"wp-block-heading\"><a href=\"https:\/\/data.consilium.europa.eu\/doc\/document\/ST-8440-2021-INIT\/en\/pdf\" target=\"_blank\" rel=\"noreferrer noopener\">Ley europea del clima<\/a>. (Ingl\u00e9s)<\/h5>\n\n\n\n<h5 class=\"wp-block-heading\"><a href=\"https:\/\/www.miteco.gob.es\/content\/dam\/miteco\/es\/calidad-y-evaluacion-ambiental\/temas\/atmosfera-y-calidad-del-aire\/d2015_1480_tcm30-187870.pdf\" target=\"_blank\" rel=\"noreferrer noopener\">DIRECTIVA (UE) 2015\/1480 DE LA COMISI\u00d3N de 28 de agosto de 2015,&nbsp;relativas a los m\u00e9todos de referencia, la validaci\u00f3n de datos y la ubicaci\u00f3n de los puntos de muestreo para la evaluaci\u00f3n de la calidad del aire ambiente.<\/a><\/h5>\n\n\n\n<h5 class=\"wp-block-heading\"><a href=\"https:\/\/www.eea.europa.eu\/es\" target=\"_blank\" rel=\"noreferrer noopener\">Agencia Europea de Medio Ambiente<\/a><\/h5>\n\n\n\n<h5 class=\"wp-block-heading\"><a href=\"https:\/\/www.eea.europa.eu\/publications\/air-quality-in-europe-2022\" target=\"_blank\" rel=\"noreferrer noopener\">Informe de la calidad del aire en Europa 2022 (Ingl\u00e9s).<\/a><\/h5>\n\n\n\n<p><strong>Espa\u00f1a.<\/strong><\/p>\n\n\n\n<h5 class=\"wp-block-heading\"><a href=\"https:\/\/www.boe.es\/boe\/dias\/2021\/05\/21\/pdfs\/BOE-A-2021-8447.pdf\" target=\"_blank\" rel=\"noreferrer noopener\">Ley de Cambio Clim\u00e1tico y Transici\u00f3n Energ\u00e9tica, Ley 7\/2021.<\/a><\/h5>\n\n\n\n<h5 class=\"wp-block-heading\"><a href=\"https:\/\/www.miteco.gob.es\/content\/dam\/miteco\/images\/es\/pnieccompleto_tcm30-508410.pdf\" target=\"_blank\" rel=\"noreferrer noopener\">Plan Nacional Integrado de Energ\u00eda y Clima.<\/a><\/h5>\n\n\n\n<h5 class=\"wp-block-heading\"><a href=\"boe.es\/buscar\/pdf\/2022\/BOE-A-2022-5809-consolidado.pdf\" target=\"_blank\" rel=\"noreferrer noopener\">Ley 7\/2022, del 8 de abril, de residuos y suelos contaminados para una econom\u00eda circular.<\/a><\/h5>\n\n\n\n<h5 class=\"wp-block-heading\"><a href=\"https:\/\/www.miteco.gob.es\/content\/dam\/miteco\/es\/calidad-y-evaluacion-ambiental\/temas\/atmosfera-y-calidad-del-aire\/Ley34_2007calidad_%20proteccion%20_atmosfera_tcm30-187907.pdf\" target=\"_blank\" rel=\"noreferrer noopener\">LEY 34\/2007, de 15 de noviembre, de calidad del aire y protecci\u00f3n de la atm\u00f3sfera.<\/a><\/h5>\n\n\n\n<h5 class=\"wp-block-heading\"><a href=\"https:\/\/www.ordenanzas-municipales.com\/\" target=\"_blank\" rel=\"noreferrer noopener\">Ordenanzas Municipales.<\/a><\/h5>\n\n\n\n<h5 class=\"wp-block-heading\"><a href=\"https:\/\/www.boe.es\/buscar\/pdf\/2013\/BOE-A-2013-10949-consolidado.pdf\" target=\"_blank\" rel=\"noreferrer noopener\">Reglamento de emisiones industriales y de desarrollo de la Ley 16\/2002, de 1 de julio, de prevenci\u00f3n y control integrados de la contaminaci\u00f3n.<\/a><\/h5>\n\n\n\n<h5 class=\"wp-block-heading\"><a href=\"https:\/\/prtr-es.es\/\" target=\"_blank\" rel=\"noreferrer noopener\">Registro Estatal de Emisiones y Fuentes Contaminantes.<\/a><\/h5>\n\n\n\n<h5 class=\"wp-block-heading\"><a href=\"https:\/\/sig.mapama.gob.es\/calidad-aire\/\" target=\"_blank\" rel=\"noreferrer noopener\">Visor Calidad del Aire. MITECO.<\/a><\/h5>\n\n\n\n<h5 class=\"wp-block-heading\"><a href=\"https:\/\/ica.miteco.es\/\" target=\"_blank\" rel=\"noreferrer noopener\">\u00cdndice Nacional del Aire. MITECO.<\/a><\/h5>\n\n\n\n<h5 class=\"wp-block-heading\"><a href=\"https:\/\/www.miteco.gob.es\/content\/dam\/miteco\/es\/calidad-y-evaluacion-ambiental\/temas\/atmosfera-y-calidad-del-aire\/informeevaluacioncalidadaireespana2021_tcm30-545170.pdf\" target=\"_blank\" rel=\"noreferrer noopener\">Informe EVALUACI\u00d3N DE LA CALIDAD DEL AIRE EN ESPA\u00d1A<\/a><\/h5>\n\n\n\n<h5 class=\"wp-block-heading\"><strong>Andaluc\u00eda.<\/strong><\/h5>\n\n\n\n<h5 class=\"wp-block-heading\">L<a href=\"https:\/\/www.juntadeandalucia.es\/boja\/2018\/199\/1\" target=\"_blank\" rel=\"noreferrer noopener\">ey de Cambio Clim\u00e1tico. 2018.<\/a><\/h5>\n\n\n\n<h5 class=\"wp-block-heading\"><a href=\"https:\/\/www.juntadeandalucia.es\/medioambiente\/portal\/landing-page-%C3%ADndice\/-\/asset_publisher\/zX2ouZa4r1Rf\/content\/plan-andaluz-de-acci-c3-b3n-por-el-clima-1\/20151\" target=\"_blank\" rel=\"noreferrer noopener\">Plan Andaluz de Acci\u00f3n por el Clima.<\/a>&nbsp;BOJA.<\/h5>\n\n\n\n<h5 class=\"wp-block-heading\"><a href=\"Plan Andaluz de Acci\u00f3n por el Clima.\" target=\"_blank\" rel=\"noreferrer noopener\">Plan Andaluz de Acci\u00f3n por el Clima. PDF.<\/a><\/h5>\n\n\n\n<h5 class=\"wp-block-heading\"><strong>M\u00e1laga.<\/strong><\/h5>\n\n\n\n<h5 class=\"wp-block-heading\"><a href=\"https:\/\/www.omau-malaga.com\/agendaurbana\/subidas\/archivos\/arc_257.pdf\" target=\"_blank\" rel=\"noreferrer noopener\">Declaraci\u00f3n de Emergencia Clim\u00e1tica y Ecol\u00f3gica en la Ciudad de M\u00e1laga.<\/a><\/h5>\n\n\n\n<h5 class=\"wp-block-heading\">Plan del Clima de la Ciudad de M\u00e1laga, Alicia, La Junta de Gobierno del ayuntamiento de M\u00e1laga celebrada el 11 de julio de 2020 aprob\u00f3 el Plan del Clima 2050, denominado Alicia, redactado por el OMAU, Observatorio de Medio Ambiente Urbano de M\u00e1laga.<\/h5>\n\n\n\n<h5 class=\"wp-block-heading\"><a href=\"https:\/\/www.omau-malaga.com\/agendaurbana\/subidas\/archivos\/arc_286.pdf\" target=\"_blank\" rel=\"noreferrer noopener\">Alicia, Plan del Clima, Tomo 1,<\/a><\/h5>\n\n\n\n<h5 class=\"wp-block-heading\"><a href=\"https:\/\/www.omau-malaga.com\/agendaurbana\/subidas\/archivos\/arc_287.pdf\" target=\"_blank\" rel=\"noreferrer noopener\">Alicia, Plan del Clima, Tomo 2,<\/a><\/h5>\n\n\n\n<h5 class=\"wp-block-heading\">E<a href=\"https:\/\/www.omau-malaga.com\/agendaurbana\/subidas\/archivos\/arc_293.pdf\" target=\"_blank\" rel=\"noreferrer noopener\">misiones a\u00f1o 2018.<\/a><\/h5>\n","protected":false},"excerpt":{"rendered":"<p>El Grupo Intergubernamental de Expertos sobre el Cambio Clim\u00e1tico o Panel Intergubernamental del Cambio Clim\u00e1tico, dependiente de las Naciones Unidas, elabora los informes que son &hellip;<\/p>\n","protected":false},"author":1,"featured_media":0,"parent":0,"menu_order":0,"comment_status":"closed","ping_status":"closed","template":"","meta":{"footnotes":""},"class_list":["post-129","page","type-page","status-publish","hentry"],"_links":{"self":[{"href":"https:\/\/retoglobal.eu\/index.php\/wp-json\/wp\/v2\/pages\/129","targetHints":{"allow":["GET"]}}],"collection":[{"href":"https:\/\/retoglobal.eu\/index.php\/wp-json\/wp\/v2\/pages"}],"about":[{"href":"https:\/\/retoglobal.eu\/index.php\/wp-json\/wp\/v2\/types\/page"}],"author":[{"embeddable":true,"href":"https:\/\/retoglobal.eu\/index.php\/wp-json\/wp\/v2\/users\/1"}],"replies":[{"embeddable":true,"href":"https:\/\/retoglobal.eu\/index.php\/wp-json\/wp\/v2\/comments?post=129"}],"version-history":[{"count":4,"href":"https:\/\/retoglobal.eu\/index.php\/wp-json\/wp\/v2\/pages\/129\/revisions"}],"predecessor-version":[{"id":767,"href":"https:\/\/retoglobal.eu\/index.php\/wp-json\/wp\/v2\/pages\/129\/revisions\/767"}],"wp:attachment":[{"href":"https:\/\/retoglobal.eu\/index.php\/wp-json\/wp\/v2\/media?parent=129"}],"curies":[{"name":"wp","href":"https:\/\/api.w.org\/{rel}","templated":true}]}}